{"id":13714,"date":"2024-01-15T12:22:23","date_gmt":"2024-01-15T12:22:23","guid":{"rendered":"https:\/\/www.kern-sammet.ch\/notre-histoire\/"},"modified":"2025-02-24T08:42:01","modified_gmt":"2025-02-24T08:42:01","slug":"notre-histoire","status":"publish","type":"page","link":"https:\/\/www.kern-sammet.ch\/fr\/notre-histoire\/","title":{"rendered":"Notre histoire"},"content":{"rendered":"\t\t<div data-elementor-type=\"wp-page\" data-elementor-id=\"13714\" class=\"elementor elementor-13714 elementor-4989\" data-elementor-post-type=\"page\">\n\t\t\t\t<div class=\"elementor-element elementor-element-7e6f329 e-con-full e-flex e-con e-parent\" data-id=\"7e6f329\" data-element_type=\"container\" data-e-type=\"container\" data-settings=\"{&quot;background_background&quot;:&quot;classic&quot;}\">\n\t\t\t\t<\/div>\n\t\t<div class=\"elementor-element elementor-element-06318fd e-con-full e-flex e-con e-parent\" data-id=\"06318fd\" data-element_type=\"container\" data-e-type=\"container\" data-settings=\"{&quot;background_background&quot;:&quot;classic&quot;}\">\n\t\t<div class=\"elementor-element elementor-element-40225d7 e-con-full e-flex e-con e-child\" data-id=\"40225d7\" data-element_type=\"container\" data-e-type=\"container\">\n\t\t\t\t<div class=\"elementor-element elementor-element-701a506 elementor-hidden-mobile elementor-widget elementor-widget-html\" data-id=\"701a506\" data-element_type=\"widget\" data-e-type=\"widget\" data-widget_type=\"html.default\">\n\t\t\t\t<div class=\"elementor-widget-container\">\n\t\t\t\t\t<div class=\"kurv-cont\" data-corners=\"2\" data-wave_height=\"2.6\" data-wave_length=\"30\">\n\t\n\t<div class=\"kurv-line\"><h1>Notre histoire<\/h1><\/div>\n<\/div>\t\t\t\t<\/div>\n\t\t\t\t<\/div>\n\t\t<div class=\"elementor-element elementor-element-1ef06e5 e-con-full elementor-hidden-desktop elementor-hidden-tablet e-flex e-con e-child\" data-id=\"1ef06e5\" data-element_type=\"container\" data-e-type=\"container\" data-settings=\"{&quot;background_background&quot;:&quot;classic&quot;}\">\n\t\t<div class=\"elementor-element elementor-element-03f38ed e-con-full e-flex e-con e-child\" data-id=\"03f38ed\" data-element_type=\"container\" data-e-type=\"container\" data-settings=\"{&quot;background_background&quot;:&quot;classic&quot;}\">\n\t\t\t\t<div class=\"elementor-element elementor-element-49ad22a elementor-widget elementor-widget-heading\" data-id=\"49ad22a\" data-element_type=\"widget\" data-e-type=\"widget\" data-widget_type=\"heading.default\">\n\t\t\t\t<div class=\"elementor-widget-container\">\n\t\t\t\t\t<h1 class=\"elementor-heading-title elementor-size-default\">Notre histoire<\/h1>\t\t\t\t<\/div>\n\t\t\t\t<\/div>\n\t\t\t\t<\/div>\n\t\t\t\t<\/div>\n\t\t\t\t<\/div>\n\t\t\t\t<\/div>\n\t\t<div class=\"elementor-element elementor-element-352061d e-con-full e-flex e-con e-parent\" data-id=\"352061d\" data-element_type=\"container\" data-e-type=\"container\" data-settings=\"{&quot;background_background&quot;:&quot;classic&quot;}\">\n\t\t\t\t<div class=\"elementor-element elementor-element-1b3ac77 elementor-widget elementor-widget-pp-breadcrumbs\" data-id=\"1b3ac77\" data-element_type=\"widget\" data-e-type=\"widget\" data-settings=\"{&quot;breadcrumbs_type&quot;:&quot;powerpack&quot;}\" data-widget_type=\"pp-breadcrumbs.default\">\n\t\t\t\t<div class=\"elementor-widget-container\">\n\t\t\t\t\t<ul class=\"pp-breadcrumbs pp-breadcrumbs-powerpack\">\t\t<li class=\"pp-breadcrumbs-item pp-breadcrumbs-item-home\">\n\t\t\t<a class=\"pp-breadcrumbs-crumb pp-breadcrumbs-crumb-link pp-breadcrumbs-crumb-home\" href=\"https:\/\/www.kern-sammet.ch\/fr\/\" title=\"Homefr\">\n\t\t\t\t<span class=\"pp-breadcrumbs-text\">\n\t\t\t\t\t\t\t\t\t\t\t<span class=\"pp-icon\">\n\t\t\t\t\t\t\t<i aria-hidden=\"true\" class=\"fas fa-home\"><\/i>\t\t\t\t\t\t<\/span>\n\t\t\t\t\t\t\t\t\t\tHomefr\t\t\t\t<\/span>\n\t\t\t<\/a>\n\t\t<\/li>\n\t\t<li class=\"pp-breadcrumbs-separator\">\t\t\t\t<span class='pp-separator-icon pp-icon'>\n\t\t\t\t\t<i aria-hidden=\"true\" class=\"fas fa-angle-right\"><\/i>\t\t\t\t<\/span>\n\t\t\t\t<\/li><\/ul>\t\t\t\t<\/div>\n\t\t\t\t<\/div>\n\t\t\t\t<\/div>\n\t\t<div class=\"elementor-element elementor-element-704e1fd e-flex e-con-boxed e-con e-parent\" data-id=\"704e1fd\" data-element_type=\"container\" data-e-type=\"container\" data-settings=\"{&quot;background_background&quot;:&quot;classic&quot;}\">\n\t\t\t\t\t<div class=\"e-con-inner\">\n\t\t\t\t<div class=\"elementor-element elementor-element-97e47cc unser-heading elementor-widget elementor-widget-heading\" data-id=\"97e47cc\" data-element_type=\"widget\" data-e-type=\"widget\" data-widget_type=\"heading.default\">\n\t\t\t\t<div class=\"elementor-widget-container\">\n\t\t\t\t\t<h2 class=\"elementor-heading-title elementor-size-default\">Les 50 ans de Kern &amp; Sammet - une success story<\/h2>\t\t\t\t<\/div>\n\t\t\t\t<\/div>\n\t\t\t\t<div class=\"elementor-element elementor-element-c5dda34 elementor-widget elementor-widget-pp-timeline\" data-id=\"c5dda34\" data-element_type=\"widget\" data-e-type=\"widget\" data-settings=\"{&quot;layout&quot;:&quot;vertical&quot;,&quot;dates&quot;:&quot;yes&quot;,&quot;card_arrow&quot;:&quot;yes&quot;,&quot;animate_cards&quot;:&quot;yes&quot;,&quot;direction&quot;:&quot;center&quot;,&quot;direction_tablet&quot;:&quot;left&quot;,&quot;direction_mobile&quot;:&quot;left&quot;}\" data-widget_type=\"pp-timeline.default\">\n\t\t\t\t<div class=\"elementor-widget-container\">\n\t\t\t\t\t\t\t<div class=\"pp-timeline-wrapper\">\n\t\t\t\n\t\t\t<div class=\"pp-timeline pp-timeline-vertical pp-timeline-center pp-timeline-dates pp-timeline-arrows-middle\">\n\t\t\t\t\t\t\t\t\t<div class=\"pp-timeline-connector-wrap\">\n\t\t\t\t\t\t<div class=\"pp-timeline-connector\">\n\t\t\t\t\t\t\t<div class=\"pp-timeline-connector-inner\">\n\t\t\t\t\t\t\t<\/div>\n\t\t\t\t\t\t<\/div>\n\t\t\t\t\t<\/div>\n\t\t\t\t\t\t\t\t<div class=\"pp-timeline-items\">\n\t\t\t\t\t\t\t\t<div class=\"pp-timeline-item pp-timeline-item-left elementor-repeater-item-0ed66be pp-timeline-item-hidden\">\n\t\t\t\t<div class=\"pp-timeline-card-wrapper\">\n\t\t\t\t\t\t\t\t\t\t\t\t\t\t\t<div class=\"pp-timeline-arrow\"><\/div>\n\t\t\t\t\t\t\t\t\t\t<div class=\"pp-timeline-card\">\n\t\t\t\t\t\t\t\t\t\t<div class=\"pp-timeline-card-image\">\n\t\t\t\t\t<img decoding=\"async\" width=\"350\" height=\"85\" src=\"https:\/\/www.kern-sammet.ch\/wp-content\/uploads\/2024\/02\/Logo_alt_KS_1975_web.jpg\" class=\"attachment-large size-large wp-image-5821\" alt=\"\" srcset=\"https:\/\/www.kern-sammet.ch\/wp-content\/uploads\/2024\/02\/Logo_alt_KS_1975_web.jpg 350w, https:\/\/www.kern-sammet.ch\/wp-content\/uploads\/2024\/02\/Logo_alt_KS_1975_web-300x73.jpg 300w\" sizes=\"(max-width: 350px) 100vw, 350px\" \/>\t\t\t\t<\/div>\n\t\t\t\t\t\t\t\t\t\t\t\t\t\t\t\t\t<div class=\"pp-timeline-card-title-wrap\">\n\t\t\t\t\t\t\t\t\t\t\t\t\t\t\t\t\t\t\t\t\t\t\t\t\t\t\t<div class=\"pp-timeline-card-date\">\n\t\t\t\t\t\t\t\t\t\t\t1975\t\t\t\t\t\t\t\t\t\t<\/div>\n\t\t\t\t\t\t\t\t\t\t\t\t\t\t\t\t\t\t\t\t\t\t\t\t\t\t\t\t\t\t\t\t<\/div>\n\t\t\t\t\t\t\t\t\t\t\t\t\t\t\t\t\t\t\t\t\t\t\t\t\t<div class=\"pp-timeline-card-content\">\n\t\t\t\t\t\t\t\t<p>Cr\u00e9ation de l\u2019entreprise Kern-Backwaren \u00e0 Horgen. Nos premiers produits \u00e9taient des biscuits de No\u00ebl et des biscuits au beurre. Avec un capital de d\u00e9part de 2000 francs, un local a \u00e9t\u00e9 lou\u00e9 \u00e0 Horgen.<\/p>\t\t\t\t\t\t\t<\/div>\n\t\t\t\t\t\t\t\t\t\t\t<\/div>\n\t\t\t\t\t\t\t\t\t\t<\/a>\n\t\t\t\t\t\t\t\t\t<\/div>\n\n\t\t\t\t\t\t\t\t\t\t\t<div class=\"pp-timeline-marker-wrapper\">\n\t\t\t\n\t\t\t<div class=\"pp-timeline-marker\">\n\t\t\t\t<img fetchpriority=\"high\" decoding=\"async\" width=\"512\" height=\"512\" src=\"https:\/\/www.kern-sammet.ch\/wp-content\/uploads\/2024\/01\/favi.jpg\" class=\"attachment-large size-large wp-image-4994\" alt=\"\" srcset=\"https:\/\/www.kern-sammet.ch\/wp-content\/uploads\/2024\/01\/favi.jpg 512w, https:\/\/www.kern-sammet.ch\/wp-content\/uploads\/2024\/01\/favi-300x300.jpg 300w, https:\/\/www.kern-sammet.ch\/wp-content\/uploads\/2024\/01\/favi-150x150.jpg 150w\" sizes=\"(max-width: 512px) 100vw, 512px\" \/>\t\t\t<\/div>\n\t\t<\/div>\n\t\t\t\t\t<div class=\"pp-timeline-card-date-wrapper\">\n\t\t\t\t\t\t\t\t\t<div class=\"pp-timeline-card-date\">\n\t\t\t\t\t\t1975\t\t\t\t\t<\/div>\n\t\t\t\t\t\t\t<\/div>\n\t\t\t\t\t\t\t\t\t\t\t<\/div>\n\t\t\t\t\t\t<div class=\"pp-timeline-item pp-timeline-item-right elementor-repeater-item-fe90ee6 pp-timeline-item-hidden\">\n\t\t\t\t<div class=\"pp-timeline-card-wrapper\">\n\t\t\t\t\t\t\t\t\t\t\t\t\t\t\t<div class=\"pp-timeline-arrow\"><\/div>\n\t\t\t\t\t\t\t\t\t\t<div class=\"pp-timeline-card\">\n\t\t\t\t\t\t\t\t\t\t<div class=\"pp-timeline-card-image\">\n\t\t\t\t\t<img decoding=\"async\" width=\"600\" height=\"900\" src=\"https:\/\/www.kern-sammet.ch\/wp-content\/uploads\/2024\/01\/01_03_Geschichte_1976_Herren_Kern_Sammet-.jpg\" class=\"attachment-large size-large wp-image-5001\" alt=\"\" srcset=\"https:\/\/www.kern-sammet.ch\/wp-content\/uploads\/2024\/01\/01_03_Geschichte_1976_Herren_Kern_Sammet-.jpg 600w, https:\/\/www.kern-sammet.ch\/wp-content\/uploads\/2024\/01\/01_03_Geschichte_1976_Herren_Kern_Sammet--200x300.jpg 200w\" sizes=\"(max-width: 600px) 100vw, 600px\" \/>\t\t\t\t<\/div>\n\t\t\t\t\t\t\t\t\t\t\t\t\t\t\t\t\t<div class=\"pp-timeline-card-title-wrap\">\n\t\t\t\t\t\t\t\t\t\t\t\t\t\t\t\t\t\t\t\t\t\t\t\t\t\t\t<div class=\"pp-timeline-card-date\">\n\t\t\t\t\t\t\t\t\t\t\t1976\t\t\t\t\t\t\t\t\t\t<\/div>\n\t\t\t\t\t\t\t\t\t\t\t\t\t\t\t\t\t\t\t\t\t\t\t\t\t\t\t\t\t\t\t\t<\/div>\n\t\t\t\t\t\t\t\t\t\t\t\t\t\t\t\t\t\t\t\t\t\t\t\t\t<div class=\"pp-timeline-card-content\">\n\t\t\t\t\t\t\t\t<p>Pionniers sur le march\u00e9 des produits de boulangerie, Walter Kern et Dietrich Sammet ont d\u00e9velopp\u00e9 l\u2019entreprise Kern &amp; Sammet en 1976.<\/p>\t\t\t\t\t\t\t<\/div>\n\t\t\t\t\t\t\t\t\t\t\t<\/div>\n\t\t\t\t\t\t\t\t\t\t<\/a>\n\t\t\t\t\t\t\t\t\t<\/div>\n\n\t\t\t\t\t\t\t\t\t\t\t<div class=\"pp-timeline-marker-wrapper\">\n\t\t\t\n\t\t\t<div class=\"pp-timeline-marker\">\n\t\t\t\t<img fetchpriority=\"high\" decoding=\"async\" width=\"512\" height=\"512\" src=\"https:\/\/www.kern-sammet.ch\/wp-content\/uploads\/2024\/01\/favi.jpg\" class=\"attachment-large size-large wp-image-4994\" alt=\"\" srcset=\"https:\/\/www.kern-sammet.ch\/wp-content\/uploads\/2024\/01\/favi.jpg 512w, https:\/\/www.kern-sammet.ch\/wp-content\/uploads\/2024\/01\/favi-300x300.jpg 300w, https:\/\/www.kern-sammet.ch\/wp-content\/uploads\/2024\/01\/favi-150x150.jpg 150w\" sizes=\"(max-width: 512px) 100vw, 512px\" \/>\t\t\t<\/div>\n\t\t<\/div>\n\t\t\t\t\t<div class=\"pp-timeline-card-date-wrapper\">\n\t\t\t\t\t\t\t\t\t<div class=\"pp-timeline-card-date\">\n\t\t\t\t\t\t1976\t\t\t\t\t<\/div>\n\t\t\t\t\t\t\t<\/div>\n\t\t\t\t\t\t\t\t\t\t\t<\/div>\n\t\t\t\t\t\t<div class=\"pp-timeline-item pp-timeline-item-left elementor-repeater-item-d6bfa84 pp-timeline-item-hidden\">\n\t\t\t\t<div class=\"pp-timeline-card-wrapper\">\n\t\t\t\t\t\t\t\t\t\t\t\t\t\t\t<div class=\"pp-timeline-arrow\"><\/div>\n\t\t\t\t\t\t\t\t\t\t<div class=\"pp-timeline-card\">\n\t\t\t\t\t\t\t\t\t\t<div class=\"pp-timeline-card-image\">\n\t\t\t\t\t<img loading=\"lazy\" decoding=\"async\" width=\"800\" height=\"250\" src=\"https:\/\/www.kern-sammet.ch\/wp-content\/uploads\/2024\/01\/gebaude-1024x320.jpg\" class=\"attachment-large size-large wp-image-5003\" alt=\"\" srcset=\"https:\/\/www.kern-sammet.ch\/wp-content\/uploads\/2024\/01\/gebaude-1024x320.jpg 1024w, https:\/\/www.kern-sammet.ch\/wp-content\/uploads\/2024\/01\/gebaude-300x94.jpg 300w, https:\/\/www.kern-sammet.ch\/wp-content\/uploads\/2024\/01\/gebaude-768x240.jpg 768w, https:\/\/www.kern-sammet.ch\/wp-content\/uploads\/2024\/01\/gebaude.jpg 1167w\" sizes=\"(max-width: 800px) 100vw, 800px\" \/>\t\t\t\t<\/div>\n\t\t\t\t\t\t\t\t\t\t\t\t\t\t\t\t\t<div class=\"pp-timeline-card-title-wrap\">\n\t\t\t\t\t\t\t\t\t\t\t\t\t\t\t\t\t\t\t\t\t\t\t\t\t\t\t<div class=\"pp-timeline-card-date\">\n\t\t\t\t\t\t\t\t\t\t\t1982\t\t\t\t\t\t\t\t\t\t<\/div>\n\t\t\t\t\t\t\t\t\t\t\t\t\t\t\t\t\t\t\t\t\t\t\t\t\t\t\t\t\t\t\t\t<\/div>\n\t\t\t\t\t\t\t\t\t\t\t\t\t\t\t\t\t\t\t\t\t\t\t\t\t<div class=\"pp-timeline-card-content\">\n\t\t\t\t\t\t\t\t<p>D\u00e9m\u00e9nagement \u00e0 W\u00e4denswil dans les locaux de l\u2019ancienne fabrique de tissus Pfenninger, avec une surface de production de 850 m<sup>2<\/sup> plus 350 m<sup>2<\/sup> de bureaux et de locaux annexes<\/p>\t\t\t\t\t\t\t<\/div>\n\t\t\t\t\t\t\t\t\t\t\t<\/div>\n\t\t\t\t\t\t\t\t\t\t<\/a>\n\t\t\t\t\t\t\t\t\t<\/div>\n\n\t\t\t\t\t\t\t\t\t\t\t<div class=\"pp-timeline-marker-wrapper\">\n\t\t\t\n\t\t\t<div class=\"pp-timeline-marker\">\n\t\t\t\t<img fetchpriority=\"high\" decoding=\"async\" width=\"512\" height=\"512\" src=\"https:\/\/www.kern-sammet.ch\/wp-content\/uploads\/2024\/01\/favi.jpg\" class=\"attachment-large size-large wp-image-4994\" alt=\"\" srcset=\"https:\/\/www.kern-sammet.ch\/wp-content\/uploads\/2024\/01\/favi.jpg 512w, https:\/\/www.kern-sammet.ch\/wp-content\/uploads\/2024\/01\/favi-300x300.jpg 300w, https:\/\/www.kern-sammet.ch\/wp-content\/uploads\/2024\/01\/favi-150x150.jpg 150w\" sizes=\"(max-width: 512px) 100vw, 512px\" \/>\t\t\t<\/div>\n\t\t<\/div>\n\t\t\t\t\t<div class=\"pp-timeline-card-date-wrapper\">\n\t\t\t\t\t\t\t\t\t<div class=\"pp-timeline-card-date\">\n\t\t\t\t\t\t1982\t\t\t\t\t<\/div>\n\t\t\t\t\t\t\t<\/div>\n\t\t\t\t\t\t\t\t\t\t\t<\/div>\n\t\t\t\t\t\t<div class=\"pp-timeline-item pp-timeline-item-right elementor-repeater-item-7a38b0a pp-timeline-item-hidden\">\n\t\t\t\t<div class=\"pp-timeline-card-wrapper\">\n\t\t\t\t\t\t\t\t\t\t\t\t\t\t\t<div class=\"pp-timeline-arrow\"><\/div>\n\t\t\t\t\t\t\t\t\t\t<div class=\"pp-timeline-card\">\n\t\t\t\t\t\t\t\t\t\t<div class=\"pp-timeline-card-image\">\n\t\t\t\t\t<img loading=\"lazy\" decoding=\"async\" width=\"800\" height=\"514\" src=\"https:\/\/www.kern-sammet.ch\/wp-content\/uploads\/2025\/02\/4331_Schwarzwaeldertorte_1-1024x658.jpg\" class=\"attachment-large size-large wp-image-15925\" alt=\"\" srcset=\"https:\/\/www.kern-sammet.ch\/wp-content\/uploads\/2025\/02\/4331_Schwarzwaeldertorte_1-1024x658.jpg 1024w, https:\/\/www.kern-sammet.ch\/wp-content\/uploads\/2025\/02\/4331_Schwarzwaeldertorte_1-300x193.jpg 300w, https:\/\/www.kern-sammet.ch\/wp-content\/uploads\/2025\/02\/4331_Schwarzwaeldertorte_1-768x493.jpg 768w, https:\/\/www.kern-sammet.ch\/wp-content\/uploads\/2025\/02\/4331_Schwarzwaeldertorte_1-1536x987.jpg 1536w, https:\/\/www.kern-sammet.ch\/wp-content\/uploads\/2025\/02\/4331_Schwarzwaeldertorte_1-2048x1315.jpg 2048w\" sizes=\"(max-width: 800px) 100vw, 800px\" \/>\t\t\t\t<\/div>\n\t\t\t\t\t\t\t\t\t\t\t\t\t\t\t\t\t<div class=\"pp-timeline-card-title-wrap\">\n\t\t\t\t\t\t\t\t\t\t\t\t\t\t\t\t\t\t\t\t\t\t\t\t\t\t\t<div class=\"pp-timeline-card-date\">\n\t\t\t\t\t\t\t\t\t\t\t1983\t\t\t\t\t\t\t\t\t\t<\/div>\n\t\t\t\t\t\t\t\t\t\t\t\t\t\t\t\t\t\t\t\t\t\t\t\t\t\t\t\t\t\t\t\t<\/div>\n\t\t\t\t\t\t\t\t\t\t\t\t\t\t\t\t\t\t\t\t\t\t\t\t\t<div class=\"pp-timeline-card-content\">\n\t\t\t\t\t\t\t\t<p>\u00c9largissement de la gamme avec des produits de p\u00e2tisserie, notamment des g\u00e2teaux.Le premier g\u00e2teau de l&#8217;assortiment : La Tourte For\u00eat-Noire<\/p>\t\t\t\t\t\t\t<\/div>\n\t\t\t\t\t\t\t\t\t\t\t<\/div>\n\t\t\t\t\t\t\t\t\t\t<\/a>\n\t\t\t\t\t\t\t\t\t<\/div>\n\n\t\t\t\t\t\t\t\t\t\t\t<div class=\"pp-timeline-marker-wrapper\">\n\t\t\t\n\t\t\t<div class=\"pp-timeline-marker\">\n\t\t\t\t<img fetchpriority=\"high\" decoding=\"async\" width=\"512\" height=\"512\" src=\"https:\/\/www.kern-sammet.ch\/wp-content\/uploads\/2024\/01\/favi.jpg\" class=\"attachment-large size-large wp-image-4994\" alt=\"\" srcset=\"https:\/\/www.kern-sammet.ch\/wp-content\/uploads\/2024\/01\/favi.jpg 512w, https:\/\/www.kern-sammet.ch\/wp-content\/uploads\/2024\/01\/favi-300x300.jpg 300w, https:\/\/www.kern-sammet.ch\/wp-content\/uploads\/2024\/01\/favi-150x150.jpg 150w\" sizes=\"(max-width: 512px) 100vw, 512px\" \/>\t\t\t<\/div>\n\t\t<\/div>\n\t\t\t\t\t<div class=\"pp-timeline-card-date-wrapper\">\n\t\t\t\t\t\t\t\t\t<div class=\"pp-timeline-card-date\">\n\t\t\t\t\t\t1983\t\t\t\t\t<\/div>\n\t\t\t\t\t\t\t<\/div>\n\t\t\t\t\t\t\t\t\t\t\t<\/div>\n\t\t\t\t\t\t<div class=\"pp-timeline-item pp-timeline-item-left elementor-repeater-item-0beee35 pp-timeline-item-hidden\">\n\t\t\t\t<div class=\"pp-timeline-card-wrapper\">\n\t\t\t\t\t\t\t\t\t\t\t\t\t\t\t<div class=\"pp-timeline-arrow\"><\/div>\n\t\t\t\t\t\t\t\t\t\t<div class=\"pp-timeline-card\">\n\t\t\t\t\t\t\t\t\t\t\t\t\t\t\t\t\t\t\t<div class=\"pp-timeline-card-title-wrap\">\n\t\t\t\t\t\t\t\t\t\t\t\t\t\t\t\t\t\t\t\t\t\t\t\t\t\t\t<div class=\"pp-timeline-card-date\">\n\t\t\t\t\t\t\t\t\t\t\t1983\t\t\t\t\t\t\t\t\t\t<\/div>\n\t\t\t\t\t\t\t\t\t\t\t\t\t\t\t\t\t\t\t\t\t\t\t\t\t\t\t\t\t\t\t\t<\/div>\n\t\t\t\t\t\t\t\t\t\t\t\t\t\t\t\t\t\t\t\t\t\t\t\t\t<div class=\"pp-timeline-card-content\">\n\t\t\t\t\t\t\t\t<p>Cr\u00e9ation de la soci\u00e9t\u00e9 affili\u00e9e \u00abGourmet Food\u00bb en Allemagne<\/p>\t\t\t\t\t\t\t<\/div>\n\t\t\t\t\t\t\t\t\t\t\t<\/div>\n\t\t\t\t\t\t\t\t\t\t<\/a>\n\t\t\t\t\t\t\t\t\t<\/div>\n\n\t\t\t\t\t\t\t\t\t\t\t<div class=\"pp-timeline-marker-wrapper\">\n\t\t\t\n\t\t\t<div class=\"pp-timeline-marker\">\n\t\t\t\t<img fetchpriority=\"high\" decoding=\"async\" width=\"512\" height=\"512\" src=\"https:\/\/www.kern-sammet.ch\/wp-content\/uploads\/2024\/01\/favi.jpg\" class=\"attachment-large size-large wp-image-4994\" alt=\"\" srcset=\"https:\/\/www.kern-sammet.ch\/wp-content\/uploads\/2024\/01\/favi.jpg 512w, https:\/\/www.kern-sammet.ch\/wp-content\/uploads\/2024\/01\/favi-300x300.jpg 300w, https:\/\/www.kern-sammet.ch\/wp-content\/uploads\/2024\/01\/favi-150x150.jpg 150w\" sizes=\"(max-width: 512px) 100vw, 512px\" \/>\t\t\t<\/div>\n\t\t<\/div>\n\t\t\t\t\t<div class=\"pp-timeline-card-date-wrapper\">\n\t\t\t\t\t\t\t\t\t<div class=\"pp-timeline-card-date\">\n\t\t\t\t\t\t1983\t\t\t\t\t<\/div>\n\t\t\t\t\t\t\t<\/div>\n\t\t\t\t\t\t\t\t\t\t\t<\/div>\n\t\t\t\t\t\t<div class=\"pp-timeline-item pp-timeline-item-right elementor-repeater-item-b7c4ac9 pp-timeline-item-hidden\">\n\t\t\t\t<div class=\"pp-timeline-card-wrapper\">\n\t\t\t\t\t\t\t\t\t\t\t\t\t\t\t<div class=\"pp-timeline-arrow\"><\/div>\n\t\t\t\t\t\t\t\t\t\t<div class=\"pp-timeline-card\">\n\t\t\t\t\t\t\t\t\t\t\t\t\t\t\t\t\t\t\t<div class=\"pp-timeline-card-title-wrap\">\n\t\t\t\t\t\t\t\t\t\t\t\t\t\t\t\t\t\t\t\t\t\t\t\t\t\t\t<div class=\"pp-timeline-card-date\">\n\t\t\t\t\t\t\t\t\t\t\t1985\t\t\t\t\t\t\t\t\t\t<\/div>\n\t\t\t\t\t\t\t\t\t\t\t\t\t\t\t\t\t\t\t\t\t\t\t\t\t\t\t\t\t\t\t\t<\/div>\n\t\t\t\t\t\t\t\t\t\t\t\t\t\t\t\t\t\t\t\t\t\t\t\t\t<div class=\"pp-timeline-card-content\">\n\t\t\t\t\t\t\t\t<p>Location de 900 m<sup>2<\/sup> de surface de production suppl\u00e9mentaires<\/p>\t\t\t\t\t\t\t<\/div>\n\t\t\t\t\t\t\t\t\t\t\t<\/div>\n\t\t\t\t\t\t\t\t\t\t<\/a>\n\t\t\t\t\t\t\t\t\t<\/div>\n\n\t\t\t\t\t\t\t\t\t\t\t<div class=\"pp-timeline-marker-wrapper\">\n\t\t\t\n\t\t\t<div class=\"pp-timeline-marker\">\n\t\t\t\t<img fetchpriority=\"high\" decoding=\"async\" width=\"512\" height=\"512\" src=\"https:\/\/www.kern-sammet.ch\/wp-content\/uploads\/2024\/01\/favi.jpg\" class=\"attachment-large size-large wp-image-4994\" alt=\"\" srcset=\"https:\/\/www.kern-sammet.ch\/wp-content\/uploads\/2024\/01\/favi.jpg 512w, https:\/\/www.kern-sammet.ch\/wp-content\/uploads\/2024\/01\/favi-300x300.jpg 300w, https:\/\/www.kern-sammet.ch\/wp-content\/uploads\/2024\/01\/favi-150x150.jpg 150w\" sizes=\"(max-width: 512px) 100vw, 512px\" \/>\t\t\t<\/div>\n\t\t<\/div>\n\t\t\t\t\t<div class=\"pp-timeline-card-date-wrapper\">\n\t\t\t\t\t\t\t\t\t<div class=\"pp-timeline-card-date\">\n\t\t\t\t\t\t1985\t\t\t\t\t<\/div>\n\t\t\t\t\t\t\t<\/div>\n\t\t\t\t\t\t\t\t\t\t\t<\/div>\n\t\t\t\t\t\t<div class=\"pp-timeline-item pp-timeline-item-left elementor-repeater-item-0848dff pp-timeline-item-hidden\">\n\t\t\t\t<div class=\"pp-timeline-card-wrapper\">\n\t\t\t\t\t\t\t\t\t\t\t\t\t\t\t<div class=\"pp-timeline-arrow\"><\/div>\n\t\t\t\t\t\t\t\t\t\t<div class=\"pp-timeline-card\">\n\t\t\t\t\t\t\t\t\t\t<div class=\"pp-timeline-card-image\">\n\t\t\t\t\t<img loading=\"lazy\" decoding=\"async\" width=\"800\" height=\"522\" src=\"https:\/\/www.kern-sammet.ch\/wp-content\/uploads\/2024\/01\/01_03_Geschichte_1993_Partner-1024x668.jpg\" class=\"attachment-large size-large wp-image-5007\" alt=\"\" srcset=\"https:\/\/www.kern-sammet.ch\/wp-content\/uploads\/2024\/01\/01_03_Geschichte_1993_Partner-1024x668.jpg 1024w, https:\/\/www.kern-sammet.ch\/wp-content\/uploads\/2024\/01\/01_03_Geschichte_1993_Partner-300x196.jpg 300w, https:\/\/www.kern-sammet.ch\/wp-content\/uploads\/2024\/01\/01_03_Geschichte_1993_Partner-768x501.jpg 768w, https:\/\/www.kern-sammet.ch\/wp-content\/uploads\/2024\/01\/01_03_Geschichte_1993_Partner.jpg 1080w\" sizes=\"(max-width: 800px) 100vw, 800px\" \/>\t\t\t\t<\/div>\n\t\t\t\t\t\t\t\t\t\t\t\t\t\t\t\t\t<div class=\"pp-timeline-card-title-wrap\">\n\t\t\t\t\t\t\t\t\t\t\t\t\t\t\t\t\t\t\t\t\t\t\t\t\t\t\t<div class=\"pp-timeline-card-date\">\n\t\t\t\t\t\t\t\t\t\t\t1993\t\t\t\t\t\t\t\t\t\t<\/div>\n\t\t\t\t\t\t\t\t\t\t\t\t\t\t\t\t\t\t\t\t\t\t\t\t\t\t\t\t\t\t\t\t<\/div>\n\t\t\t\t\t\t\t\t\t\t\t\t\t\t\t\t\t\t\t\t\t\t\t\t\t<div class=\"pp-timeline-card-content\">\n\t\t\t\t\t\t\t\t<p>Kern &amp; Sammet mise sur un r\u00e9seau de plus de 20 d\u00e9positaires locaux<\/p>\t\t\t\t\t\t\t<\/div>\n\t\t\t\t\t\t\t\t\t\t\t<\/div>\n\t\t\t\t\t\t\t\t\t\t<\/a>\n\t\t\t\t\t\t\t\t\t<\/div>\n\n\t\t\t\t\t\t\t\t\t\t\t<div class=\"pp-timeline-marker-wrapper\">\n\t\t\t\n\t\t\t<div class=\"pp-timeline-marker\">\n\t\t\t\t<img fetchpriority=\"high\" decoding=\"async\" width=\"512\" height=\"512\" src=\"https:\/\/www.kern-sammet.ch\/wp-content\/uploads\/2024\/01\/favi.jpg\" class=\"attachment-large size-large wp-image-4994\" alt=\"\" srcset=\"https:\/\/www.kern-sammet.ch\/wp-content\/uploads\/2024\/01\/favi.jpg 512w, https:\/\/www.kern-sammet.ch\/wp-content\/uploads\/2024\/01\/favi-300x300.jpg 300w, https:\/\/www.kern-sammet.ch\/wp-content\/uploads\/2024\/01\/favi-150x150.jpg 150w\" sizes=\"(max-width: 512px) 100vw, 512px\" \/>\t\t\t<\/div>\n\t\t<\/div>\n\t\t\t\t\t<div class=\"pp-timeline-card-date-wrapper\">\n\t\t\t\t\t\t\t\t\t<div class=\"pp-timeline-card-date\">\n\t\t\t\t\t\t1993\t\t\t\t\t<\/div>\n\t\t\t\t\t\t\t<\/div>\n\t\t\t\t\t\t\t\t\t\t\t<\/div>\n\t\t\t\t\t\t<div class=\"pp-timeline-item pp-timeline-item-right elementor-repeater-item-460c55b pp-timeline-item-hidden\">\n\t\t\t\t<div class=\"pp-timeline-card-wrapper\">\n\t\t\t\t\t\t\t\t\t\t\t\t\t\t\t<div class=\"pp-timeline-arrow\"><\/div>\n\t\t\t\t\t\t\t\t\t\t<div class=\"pp-timeline-card\">\n\t\t\t\t\t\t\t\t\t\t<div class=\"pp-timeline-card-image\">\n\t\t\t\t\t<img loading=\"lazy\" decoding=\"async\" width=\"567\" height=\"787\" src=\"https:\/\/www.kern-sammet.ch\/wp-content\/uploads\/2024\/01\/Geschichte_1999_Helikopter.jpg\" class=\"attachment-large size-large wp-image-5005\" alt=\"\" srcset=\"https:\/\/www.kern-sammet.ch\/wp-content\/uploads\/2024\/01\/Geschichte_1999_Helikopter.jpg 567w, https:\/\/www.kern-sammet.ch\/wp-content\/uploads\/2024\/01\/Geschichte_1999_Helikopter-216x300.jpg 216w\" sizes=\"(max-width: 567px) 100vw, 567px\" \/>\t\t\t\t<\/div>\n\t\t\t\t\t\t\t\t\t\t\t\t\t\t\t\t\t<div class=\"pp-timeline-card-title-wrap\">\n\t\t\t\t\t\t\t\t\t\t\t\t\t\t\t\t\t\t\t\t\t\t\t\t\t\t\t<div class=\"pp-timeline-card-date\">\n\t\t\t\t\t\t\t\t\t\t\t1999\t\t\t\t\t\t\t\t\t\t<\/div>\n\t\t\t\t\t\t\t\t\t\t\t\t\t\t\t\t\t\t\t\t\t\t\t\t\t\t\t\t\t\t\t\t<\/div>\n\t\t\t\t\t\t\t\t\t\t\t\t\t\t\t\t\t\t\t\t\t\t\t\t\t<div class=\"pp-timeline-card-content\">\n\t\t\t\t\t\t\t\t<p>Installation d\u2019un tunnel de surg\u00e9lation. Des condensateurs haute performance sont achemin\u00e9s par h\u00e9licopt\u00e8re au 3e \u00e9tage.<\/p>\t\t\t\t\t\t\t<\/div>\n\t\t\t\t\t\t\t\t\t\t\t<\/div>\n\t\t\t\t\t\t\t\t\t\t<\/a>\n\t\t\t\t\t\t\t\t\t<\/div>\n\n\t\t\t\t\t\t\t\t\t\t\t<div class=\"pp-timeline-marker-wrapper\">\n\t\t\t\n\t\t\t<div class=\"pp-timeline-marker\">\n\t\t\t\t<img fetchpriority=\"high\" decoding=\"async\" width=\"512\" height=\"512\" src=\"https:\/\/www.kern-sammet.ch\/wp-content\/uploads\/2024\/01\/favi.jpg\" class=\"attachment-large size-large wp-image-4994\" alt=\"\" srcset=\"https:\/\/www.kern-sammet.ch\/wp-content\/uploads\/2024\/01\/favi.jpg 512w, https:\/\/www.kern-sammet.ch\/wp-content\/uploads\/2024\/01\/favi-300x300.jpg 300w, https:\/\/www.kern-sammet.ch\/wp-content\/uploads\/2024\/01\/favi-150x150.jpg 150w\" sizes=\"(max-width: 512px) 100vw, 512px\" \/>\t\t\t<\/div>\n\t\t<\/div>\n\t\t\t\t\t<div class=\"pp-timeline-card-date-wrapper\">\n\t\t\t\t\t\t\t\t\t<div class=\"pp-timeline-card-date\">\n\t\t\t\t\t\t1999\t\t\t\t\t<\/div>\n\t\t\t\t\t\t\t<\/div>\n\t\t\t\t\t\t\t\t\t\t\t<\/div>\n\t\t\t\t\t\t<div class=\"pp-timeline-item pp-timeline-item-left elementor-repeater-item-06a8ba7 pp-timeline-item-hidden\">\n\t\t\t\t<div class=\"pp-timeline-card-wrapper\">\n\t\t\t\t\t\t\t\t\t\t\t\t\t\t\t<div class=\"pp-timeline-arrow\"><\/div>\n\t\t\t\t\t\t\t\t\t\t<div class=\"pp-timeline-card\">\n\t\t\t\t\t\t\t\t\t\t\t\t\t\t\t\t\t\t\t<div class=\"pp-timeline-card-title-wrap\">\n\t\t\t\t\t\t\t\t\t\t\t\t\t\t\t\t\t\t\t\t\t\t\t\t\t\t\t<div class=\"pp-timeline-card-date\">\n\t\t\t\t\t\t\t\t\t\t\t2000\t\t\t\t\t\t\t\t\t\t<\/div>\n\t\t\t\t\t\t\t\t\t\t\t\t\t\t\t\t\t\t\t\t\t\t\t\t\t\t\t\t\t\t\t\t<\/div>\n\t\t\t\t\t\t\t\t\t\t\t\t\t\t\t\t\t\t\t\t\t\t\t\t\t<div class=\"pp-timeline-card-content\">\n\t\t\t\t\t\t\t\t<p>Mise en place d\u2019une premi\u00e8re machine de laminage de la p\u00e2te<\/p>\t\t\t\t\t\t\t<\/div>\n\t\t\t\t\t\t\t\t\t\t\t<\/div>\n\t\t\t\t\t\t\t\t\t\t<\/a>\n\t\t\t\t\t\t\t\t\t<\/div>\n\n\t\t\t\t\t\t\t\t\t\t\t<div class=\"pp-timeline-marker-wrapper\">\n\t\t\t\n\t\t\t<div class=\"pp-timeline-marker\">\n\t\t\t\t<img fetchpriority=\"high\" decoding=\"async\" width=\"512\" height=\"512\" src=\"https:\/\/www.kern-sammet.ch\/wp-content\/uploads\/2024\/01\/favi.jpg\" class=\"attachment-large size-large wp-image-4994\" alt=\"\" srcset=\"https:\/\/www.kern-sammet.ch\/wp-content\/uploads\/2024\/01\/favi.jpg 512w, https:\/\/www.kern-sammet.ch\/wp-content\/uploads\/2024\/01\/favi-300x300.jpg 300w, https:\/\/www.kern-sammet.ch\/wp-content\/uploads\/2024\/01\/favi-150x150.jpg 150w\" sizes=\"(max-width: 512px) 100vw, 512px\" \/>\t\t\t<\/div>\n\t\t<\/div>\n\t\t\t\t\t<div class=\"pp-timeline-card-date-wrapper\">\n\t\t\t\t\t\t\t\t\t<div class=\"pp-timeline-card-date\">\n\t\t\t\t\t\t2000\t\t\t\t\t<\/div>\n\t\t\t\t\t\t\t<\/div>\n\t\t\t\t\t\t\t\t\t\t\t<\/div>\n\t\t\t\t\t\t<div class=\"pp-timeline-item pp-timeline-item-right elementor-repeater-item-f37cbb4 pp-timeline-item-hidden\">\n\t\t\t\t<div class=\"pp-timeline-card-wrapper\">\n\t\t\t\t\t\t\t\t\t\t\t\t\t\t\t<div class=\"pp-timeline-arrow\"><\/div>\n\t\t\t\t\t\t\t\t\t\t<div class=\"pp-timeline-card\">\n\t\t\t\t\t\t\t\t\t\t<div class=\"pp-timeline-card-image\">\n\t\t\t\t\t<img loading=\"lazy\" decoding=\"async\" width=\"586\" height=\"843\" src=\"https:\/\/www.kern-sammet.ch\/wp-content\/uploads\/2024\/01\/01_03_Geschichte_2010_neuerAuftritt.jpg\" class=\"attachment-large size-large wp-image-5009\" alt=\"\" srcset=\"https:\/\/www.kern-sammet.ch\/wp-content\/uploads\/2024\/01\/01_03_Geschichte_2010_neuerAuftritt.jpg 586w, https:\/\/www.kern-sammet.ch\/wp-content\/uploads\/2024\/01\/01_03_Geschichte_2010_neuerAuftritt-209x300.jpg 209w\" sizes=\"(max-width: 586px) 100vw, 586px\" \/>\t\t\t\t<\/div>\n\t\t\t\t\t\t\t\t\t\t\t\t\t\t\t\t\t<div class=\"pp-timeline-card-title-wrap\">\n\t\t\t\t\t\t\t\t\t\t\t\t\t\t\t\t\t\t\t\t\t\t\t\t\t\t\t<div class=\"pp-timeline-card-date\">\n\t\t\t\t\t\t\t\t\t\t\t2010\t\t\t\t\t\t\t\t\t\t<\/div>\n\t\t\t\t\t\t\t\t\t\t\t\t\t\t\t\t\t\t\t\t\t\t\t\t\t\t\t\t\t\t\t\t<\/div>\n\t\t\t\t\t\t\t\t\t\t\t\t\t\t\t\t\t\t\t\t\t\t\t\t\t<div class=\"pp-timeline-card-content\">\n\t\t\t\t\t\t\t\t<p>Cr\u00e9ation d\u2019une image propre \u00e0 la marque: les embl\u00e9matiques rayures bleues et blanches sont n\u00e9es.<\/p>\t\t\t\t\t\t\t<\/div>\n\t\t\t\t\t\t\t\t\t\t\t<\/div>\n\t\t\t\t\t\t\t\t\t\t<\/a>\n\t\t\t\t\t\t\t\t\t<\/div>\n\n\t\t\t\t\t\t\t\t\t\t\t<div class=\"pp-timeline-marker-wrapper\">\n\t\t\t\n\t\t\t<div class=\"pp-timeline-marker\">\n\t\t\t\t<img fetchpriority=\"high\" decoding=\"async\" width=\"512\" height=\"512\" src=\"https:\/\/www.kern-sammet.ch\/wp-content\/uploads\/2024\/01\/favi.jpg\" class=\"attachment-large size-large wp-image-4994\" alt=\"\" srcset=\"https:\/\/www.kern-sammet.ch\/wp-content\/uploads\/2024\/01\/favi.jpg 512w, https:\/\/www.kern-sammet.ch\/wp-content\/uploads\/2024\/01\/favi-300x300.jpg 300w, https:\/\/www.kern-sammet.ch\/wp-content\/uploads\/2024\/01\/favi-150x150.jpg 150w\" sizes=\"(max-width: 512px) 100vw, 512px\" \/>\t\t\t<\/div>\n\t\t<\/div>\n\t\t\t\t\t<div class=\"pp-timeline-card-date-wrapper\">\n\t\t\t\t\t\t\t\t\t<div class=\"pp-timeline-card-date\">\n\t\t\t\t\t\t2010\t\t\t\t\t<\/div>\n\t\t\t\t\t\t\t<\/div>\n\t\t\t\t\t\t\t\t\t\t\t<\/div>\n\t\t\t\t\t\t<div class=\"pp-timeline-item pp-timeline-item-left elementor-repeater-item-3cd17a3 pp-timeline-item-hidden\">\n\t\t\t\t<div class=\"pp-timeline-card-wrapper\">\n\t\t\t\t\t\t\t\t\t\t\t\t\t\t\t<div class=\"pp-timeline-arrow\"><\/div>\n\t\t\t\t\t\t\t\t\t\t<div class=\"pp-timeline-card\">\n\t\t\t\t\t\t\t\t\t\t<div class=\"pp-timeline-card-image\">\n\t\t\t\t\t<img loading=\"lazy\" decoding=\"async\" width=\"800\" height=\"206\" src=\"https:\/\/www.kern-sammet.ch\/wp-content\/uploads\/2025\/02\/News_FSSC-1024x264.jpg\" class=\"attachment-large size-large wp-image-15948\" alt=\"\" srcset=\"https:\/\/www.kern-sammet.ch\/wp-content\/uploads\/2025\/02\/News_FSSC-1024x264.jpg 1024w, https:\/\/www.kern-sammet.ch\/wp-content\/uploads\/2025\/02\/News_FSSC-300x77.jpg 300w, https:\/\/www.kern-sammet.ch\/wp-content\/uploads\/2025\/02\/News_FSSC-768x198.jpg 768w, https:\/\/www.kern-sammet.ch\/wp-content\/uploads\/2025\/02\/News_FSSC.jpg 1077w\" sizes=\"(max-width: 800px) 100vw, 800px\" \/>\t\t\t\t<\/div>\n\t\t\t\t\t\t\t\t\t\t\t\t\t\t\t\t\t<div class=\"pp-timeline-card-title-wrap\">\n\t\t\t\t\t\t\t\t\t\t\t\t\t\t\t\t\t\t\t\t\t\t\t\t\t\t\t<div class=\"pp-timeline-card-date\">\n\t\t\t\t\t\t\t\t\t\t\t2014\t\t\t\t\t\t\t\t\t\t<\/div>\n\t\t\t\t\t\t\t\t\t\t\t\t\t\t\t\t\t\t\t\t\t\t\t\t\t\t\t\t\t\t\t\t<\/div>\n\t\t\t\t\t\t\t\t\t\t\t\t\t\t\t\t\t\t\t\t\t\t\t\t\t<div class=\"pp-timeline-card-content\">\n\t\t\t\t\t\t\t\t<p>Nous devenons certifi\u00e9s FSSC 22 000. Ce certificat garantit le processus le plus s\u00fbr de l\u2019industrie alimentaire.<\/p>\t\t\t\t\t\t\t<\/div>\n\t\t\t\t\t\t\t\t\t\t\t<\/div>\n\t\t\t\t\t\t\t\t\t\t<\/a>\n\t\t\t\t\t\t\t\t\t<\/div>\n\n\t\t\t\t\t\t\t\t\t\t\t<div class=\"pp-timeline-marker-wrapper\">\n\t\t\t\n\t\t\t<div class=\"pp-timeline-marker\">\n\t\t\t\t<img fetchpriority=\"high\" decoding=\"async\" width=\"512\" height=\"512\" src=\"https:\/\/www.kern-sammet.ch\/wp-content\/uploads\/2024\/01\/favi.jpg\" class=\"attachment-large size-large wp-image-4994\" alt=\"\" srcset=\"https:\/\/www.kern-sammet.ch\/wp-content\/uploads\/2024\/01\/favi.jpg 512w, https:\/\/www.kern-sammet.ch\/wp-content\/uploads\/2024\/01\/favi-300x300.jpg 300w, https:\/\/www.kern-sammet.ch\/wp-content\/uploads\/2024\/01\/favi-150x150.jpg 150w\" sizes=\"(max-width: 512px) 100vw, 512px\" \/>\t\t\t<\/div>\n\t\t<\/div>\n\t\t\t\t\t<div class=\"pp-timeline-card-date-wrapper\">\n\t\t\t\t\t\t\t\t\t<div class=\"pp-timeline-card-date\">\n\t\t\t\t\t\t2014\t\t\t\t\t<\/div>\n\t\t\t\t\t\t\t<\/div>\n\t\t\t\t\t\t\t\t\t\t\t<\/div>\n\t\t\t\t\t\t<div class=\"pp-timeline-item pp-timeline-item-right elementor-repeater-item-f12464b pp-timeline-item-hidden\">\n\t\t\t\t<div class=\"pp-timeline-card-wrapper\">\n\t\t\t\t\t\t\t\t\t\t\t\t\t\t\t<div class=\"pp-timeline-arrow\"><\/div>\n\t\t\t\t\t\t\t\t\t\t<div class=\"pp-timeline-card\">\n\t\t\t\t\t\t\t\t\t\t\t\t\t\t\t\t\t\t\t<div class=\"pp-timeline-card-title-wrap\">\n\t\t\t\t\t\t\t\t\t\t\t\t\t\t\t\t\t\t\t\t\t\t\t\t\t\t\t<div class=\"pp-timeline-card-date\">\n\t\t\t\t\t\t\t\t\t\t\t2020\t\t\t\t\t\t\t\t\t\t<\/div>\n\t\t\t\t\t\t\t\t\t\t\t\t\t\t\t\t\t\t\t\t\t\t\t\t\t\t\t\t\t\t\t\t<\/div>\n\t\t\t\t\t\t\t\t\t\t\t\t\t\t\t\t\t\t\t\t\t\t\t\t\t<div class=\"pp-timeline-card-content\">\n\t\t\t\t\t\t\t\t<p>Dans le cadre d\u2019un plan de succession, MM. Kern et Sammet vendent l\u2019entreprise.<\/p>\t\t\t\t\t\t\t<\/div>\n\t\t\t\t\t\t\t\t\t\t\t<\/div>\n\t\t\t\t\t\t\t\t\t\t<\/a>\n\t\t\t\t\t\t\t\t\t<\/div>\n\n\t\t\t\t\t\t\t\t\t\t\t<div class=\"pp-timeline-marker-wrapper\">\n\t\t\t\n\t\t\t<div class=\"pp-timeline-marker\">\n\t\t\t\t<img fetchpriority=\"high\" decoding=\"async\" width=\"512\" height=\"512\" src=\"https:\/\/www.kern-sammet.ch\/wp-content\/uploads\/2024\/01\/favi.jpg\" class=\"attachment-large size-large wp-image-4994\" alt=\"\" srcset=\"https:\/\/www.kern-sammet.ch\/wp-content\/uploads\/2024\/01\/favi.jpg 512w, https:\/\/www.kern-sammet.ch\/wp-content\/uploads\/2024\/01\/favi-300x300.jpg 300w, https:\/\/www.kern-sammet.ch\/wp-content\/uploads\/2024\/01\/favi-150x150.jpg 150w\" sizes=\"(max-width: 512px) 100vw, 512px\" \/>\t\t\t<\/div>\n\t\t<\/div>\n\t\t\t\t\t<div class=\"pp-timeline-card-date-wrapper\">\n\t\t\t\t\t\t\t\t\t<div class=\"pp-timeline-card-date\">\n\t\t\t\t\t\t2020\t\t\t\t\t<\/div>\n\t\t\t\t\t\t\t<\/div>\n\t\t\t\t\t\t\t\t\t\t\t<\/div>\n\t\t\t\t\t\t<div class=\"pp-timeline-item pp-timeline-item-left elementor-repeater-item-0dafcce pp-timeline-item-hidden\">\n\t\t\t\t<div class=\"pp-timeline-card-wrapper\">\n\t\t\t\t\t\t\t\t\t\t\t\t\t\t\t<div class=\"pp-timeline-arrow\"><\/div>\n\t\t\t\t\t\t\t\t\t\t<div class=\"pp-timeline-card\">\n\t\t\t\t\t\t\t\t\t\t<div class=\"pp-timeline-card-image\">\n\t\t\t\t\t<img loading=\"lazy\" decoding=\"async\" width=\"380\" height=\"466\" src=\"https:\/\/www.kern-sammet.ch\/wp-content\/uploads\/2025\/02\/News_2023_neuer_Auftritt.jpg\" class=\"attachment-large size-large wp-image-15953\" alt=\"\" srcset=\"https:\/\/www.kern-sammet.ch\/wp-content\/uploads\/2025\/02\/News_2023_neuer_Auftritt.jpg 380w, https:\/\/www.kern-sammet.ch\/wp-content\/uploads\/2025\/02\/News_2023_neuer_Auftritt-245x300.jpg 245w\" sizes=\"(max-width: 380px) 100vw, 380px\" \/>\t\t\t\t<\/div>\n\t\t\t\t\t\t\t\t\t\t\t\t\t\t\t\t\t<div class=\"pp-timeline-card-title-wrap\">\n\t\t\t\t\t\t\t\t\t\t\t\t\t\t\t\t\t\t\t\t\t\t\t\t\t\t\t<div class=\"pp-timeline-card-date\">\n\t\t\t\t\t\t\t\t\t\t\t2023\t\t\t\t\t\t\t\t\t\t<\/div>\n\t\t\t\t\t\t\t\t\t\t\t\t\t\t\t\t\t\t\t\t\t\t\t\t\t\t\t\t\t\t\t\t<\/div>\n\t\t\t\t\t\t\t\t\t\t\t\t\t\t\t\t\t\t\t\t\t\t\t\t\t<div class=\"pp-timeline-card-content\">\n\t\t\t\t\t\t\t\t<p>Apr\u00e8s 13 ans, nous revoyons notre image de marque &#8211; plus \u00e9motionnelle, plus fra\u00eeche, plus moderne, mais bien s\u00fbr toujours avec les bandes bleues et blanches.<\/p>\t\t\t\t\t\t\t<\/div>\n\t\t\t\t\t\t\t\t\t\t\t<\/div>\n\t\t\t\t\t\t\t\t\t\t<\/a>\n\t\t\t\t\t\t\t\t\t<\/div>\n\n\t\t\t\t\t\t\t\t\t\t\t<div class=\"pp-timeline-marker-wrapper\">\n\t\t\t\n\t\t\t<div class=\"pp-timeline-marker\">\n\t\t\t\t<img fetchpriority=\"high\" decoding=\"async\" width=\"512\" height=\"512\" src=\"https:\/\/www.kern-sammet.ch\/wp-content\/uploads\/2024\/01\/favi.jpg\" class=\"attachment-large size-large wp-image-4994\" alt=\"\" srcset=\"https:\/\/www.kern-sammet.ch\/wp-content\/uploads\/2024\/01\/favi.jpg 512w, https:\/\/www.kern-sammet.ch\/wp-content\/uploads\/2024\/01\/favi-300x300.jpg 300w, https:\/\/www.kern-sammet.ch\/wp-content\/uploads\/2024\/01\/favi-150x150.jpg 150w\" sizes=\"(max-width: 512px) 100vw, 512px\" \/>\t\t\t<\/div>\n\t\t<\/div>\n\t\t\t\t\t<div class=\"pp-timeline-card-date-wrapper\">\n\t\t\t\t\t\t\t\t\t<div class=\"pp-timeline-card-date\">\n\t\t\t\t\t\t2023\t\t\t\t\t<\/div>\n\t\t\t\t\t\t\t<\/div>\n\t\t\t\t\t\t\t\t\t\t\t<\/div>\n\t\t\t\t\t\t<div class=\"pp-timeline-item pp-timeline-item-right elementor-repeater-item-7beb62a pp-timeline-item-hidden\">\n\t\t\t\t<div class=\"pp-timeline-card-wrapper\">\n\t\t\t\t\t\t\t\t\t\t\t\t\t\t\t<div class=\"pp-timeline-arrow\"><\/div>\n\t\t\t\t\t\t\t\t\t\t<div class=\"pp-timeline-card\">\n\t\t\t\t\t\t\t\t\t\t<div class=\"pp-timeline-card-image\">\n\t\t\t\t\t<img loading=\"lazy\" decoding=\"async\" width=\"745\" height=\"540\" src=\"https:\/\/www.kern-sammet.ch\/wp-content\/uploads\/2025\/02\/News_Weltrekord.png\" class=\"attachment-large size-large wp-image-15938\" alt=\"\" srcset=\"https:\/\/www.kern-sammet.ch\/wp-content\/uploads\/2025\/02\/News_Weltrekord.png 745w, https:\/\/www.kern-sammet.ch\/wp-content\/uploads\/2025\/02\/News_Weltrekord-300x217.png 300w\" sizes=\"(max-width: 745px) 100vw, 745px\" \/>\t\t\t\t<\/div>\n\t\t\t\t\t\t\t\t\t\t\t\t\t\t\t\t\t<div class=\"pp-timeline-card-title-wrap\">\n\t\t\t\t\t\t\t\t\t\t\t\t\t\t\t\t\t\t\t\t\t\t\t\t\t\t\t<div class=\"pp-timeline-card-date\">\n\t\t\t\t\t\t\t\t\t\t\t3 f\u00e9vrier 2024\t\t\t\t\t\t\t\t\t\t<\/div>\n\t\t\t\t\t\t\t\t\t\t\t\t\t\t\t\t\t\t\t\t\t\t\t\t\t\t\t\t\t\t\t\t<\/div>\n\t\t\t\t\t\t\t\t\t\t\t\t\t\t\t\t\t\t\t\t\t\t\t\t\t<div class=\"pp-timeline-card-content\">\n\t\t\t\t\t\t\t\t<p>En collaboration avec notre partenaire de coop\u00e9ration Bakery Bakery, la premi\u00e8re boulangerie enti\u00e8rement v\u00e9g\u00e9talienne de Suisse, nous f\u00eatons un record mondial : la plus grande p\u00e2tisserie v\u00e9g\u00e9talienne de Suisse ! Elle pesait 263 kg et mesurait 22,75 m\u00e8tres.<\/p>\t\t\t\t\t\t\t<\/div>\n\t\t\t\t\t\t\t\t\t\t\t<\/div>\n\t\t\t\t\t\t\t\t\t\t<\/a>\n\t\t\t\t\t\t\t\t\t<\/div>\n\n\t\t\t\t\t\t\t\t\t\t\t<div class=\"pp-timeline-marker-wrapper\">\n\t\t\t\n\t\t\t<div class=\"pp-timeline-marker\">\n\t\t\t\t<img fetchpriority=\"high\" decoding=\"async\" width=\"512\" height=\"512\" src=\"https:\/\/www.kern-sammet.ch\/wp-content\/uploads\/2024\/01\/favi.jpg\" class=\"attachment-large size-large wp-image-4994\" alt=\"\" srcset=\"https:\/\/www.kern-sammet.ch\/wp-content\/uploads\/2024\/01\/favi.jpg 512w, https:\/\/www.kern-sammet.ch\/wp-content\/uploads\/2024\/01\/favi-300x300.jpg 300w, https:\/\/www.kern-sammet.ch\/wp-content\/uploads\/2024\/01\/favi-150x150.jpg 150w\" sizes=\"(max-width: 512px) 100vw, 512px\" \/>\t\t\t<\/div>\n\t\t<\/div>\n\t\t\t\t\t<div class=\"pp-timeline-card-date-wrapper\">\n\t\t\t\t\t\t\t\t\t<div class=\"pp-timeline-card-date\">\n\t\t\t\t\t\t3 f\u00e9vrier 2024\t\t\t\t\t<\/div>\n\t\t\t\t\t\t\t<\/div>\n\t\t\t\t\t\t\t\t\t\t\t<\/div>\n\t\t\t\t\t\t<div class=\"pp-timeline-item pp-timeline-item-left elementor-repeater-item-c8c8f75 pp-timeline-item-hidden\">\n\t\t\t\t<div class=\"pp-timeline-card-wrapper\">\n\t\t\t\t\t\t\t\t\t\t\t\t\t\t\t<div class=\"pp-timeline-arrow\"><\/div>\n\t\t\t\t\t\t\t\t\t\t<div class=\"pp-timeline-card\">\n\t\t\t\t\t\t\t\t\t\t<div class=\"pp-timeline-card-image\">\n\t\t\t\t\t<img loading=\"lazy\" decoding=\"async\" width=\"800\" height=\"434\" src=\"https:\/\/www.kern-sammet.ch\/wp-content\/uploads\/2025\/02\/News_Bilder_Jubilaeum-1024x556.jpg\" class=\"attachment-large size-large wp-image-15943\" alt=\"\" srcset=\"https:\/\/www.kern-sammet.ch\/wp-content\/uploads\/2025\/02\/News_Bilder_Jubilaeum-1024x556.jpg 1024w, https:\/\/www.kern-sammet.ch\/wp-content\/uploads\/2025\/02\/News_Bilder_Jubilaeum-300x163.jpg 300w, https:\/\/www.kern-sammet.ch\/wp-content\/uploads\/2025\/02\/News_Bilder_Jubilaeum-768x417.jpg 768w, https:\/\/www.kern-sammet.ch\/wp-content\/uploads\/2025\/02\/News_Bilder_Jubilaeum.jpg 1077w\" sizes=\"(max-width: 800px) 100vw, 800px\" \/>\t\t\t\t<\/div>\n\t\t\t\t\t\t\t\t\t\t\t\t\t\t\t\t\t<div class=\"pp-timeline-card-title-wrap\">\n\t\t\t\t\t\t\t\t\t\t\t\t\t\t\t\t\t\t\t\t\t\t\t\t\t\t\t<div class=\"pp-timeline-card-date\">\n\t\t\t\t\t\t\t\t\t\t\t2025\t\t\t\t\t\t\t\t\t\t<\/div>\n\t\t\t\t\t\t\t\t\t\t\t\t\t\t\t\t\t\t\t\t\t\t\t\t\t\t\t\t\t\t\t\t<\/div>\n\t\t\t\t\t\t\t\t\t\t\t\t\t\t\t\t\t\t\t\t\t\t\t\t\t<div class=\"pp-timeline-card-content\">\n\t\t\t\t\t\t\t\t<p>Un demi-si\u00e8cle d\u00e9di\u00e9 au plaisir. En 2025, nous f\u00eatons notre cinquanti\u00e8me anniversaire.<\/p>\t\t\t\t\t\t\t<\/div>\n\t\t\t\t\t\t\t\t\t\t\t<\/div>\n\t\t\t\t\t\t\t\t\t\t<\/a>\n\t\t\t\t\t\t\t\t\t<\/div>\n\n\t\t\t\t\t\t\t\t\t\t\t<div class=\"pp-timeline-marker-wrapper\">\n\t\t\t\n\t\t\t<div class=\"pp-timeline-marker\">\n\t\t\t\t<img fetchpriority=\"high\" decoding=\"async\" width=\"512\" height=\"512\" src=\"https:\/\/www.kern-sammet.ch\/wp-content\/uploads\/2024\/01\/favi.jpg\" class=\"attachment-large size-large wp-image-4994\" alt=\"\" srcset=\"https:\/\/www.kern-sammet.ch\/wp-content\/uploads\/2024\/01\/favi.jpg 512w, https:\/\/www.kern-sammet.ch\/wp-content\/uploads\/2024\/01\/favi-300x300.jpg 300w, https:\/\/www.kern-sammet.ch\/wp-content\/uploads\/2024\/01\/favi-150x150.jpg 150w\" sizes=\"(max-width: 512px) 100vw, 512px\" \/>\t\t\t<\/div>\n\t\t<\/div>\n\t\t\t\t\t<div class=\"pp-timeline-card-date-wrapper\">\n\t\t\t\t\t\t\t\t\t<div class=\"pp-timeline-card-date\">\n\t\t\t\t\t\t2025\t\t\t\t\t<\/div>\n\t\t\t\t\t\t\t<\/div>\n\t\t\t\t\t\t\t\t\t\t\t<\/div>\n\t\t\t\t\t\t\t<\/div>\n\t\t\t<\/div>\n\t\t<\/div>\n\t\t\t\t\t\t<\/div>\n\t\t\t\t<\/div>\n\t\t\t\t\t<\/div>\n\t\t\t\t<\/div>\n\t\t\t\t<\/div>\n\t\t","protected":false},"excerpt":{"rendered":"<p>Notre histoire Notre histoire Homefr Les 50 ans de Kern &amp; Sammet &#8211; une success story 1975 Cr\u00e9ation de l\u2019entreprise Kern-Backwaren \u00e0 Horgen. Nos premiers produits \u00e9taient des biscuits de No\u00ebl et des biscuits au beurre. Avec un capital de d\u00e9part de 2000 francs, un local a \u00e9t\u00e9 lou\u00e9 \u00e0 Horgen. 1975 1976 Pionniers sur [&hellip;]<\/p>\n","protected":false},"author":1,"featured_media":0,"parent":0,"menu_order":0,"comment_status":"closed","ping_status":"closed","template":"","meta":{"_acf_changed":false,"footnotes":""},"class_list":["post-13714","page","type-page","status-publish","hentry"],"acf":[],"yoast_head":"<!-- This site is optimized with the Yoast SEO plugin v27.4 - https:\/\/yoast.com\/product\/yoast-seo-wordpress\/ -->\n<title>Notre histoire - Kern Sammet AG<\/title>\n<meta name=\"robots\" content=\"index, follow, max-snippet:-1, max-image-preview:large, max-video-preview:-1\" \/>\n<link rel=\"canonical\" href=\"https:\/\/www.kern-sammet.ch\/fr\/notre-histoire\/\" \/>\n<meta property=\"og:locale\" content=\"fr_FR\" \/>\n<meta property=\"og:type\" content=\"article\" \/>\n<meta property=\"og:title\" content=\"Notre histoire - Kern Sammet AG\" \/>\n<meta property=\"og:description\" content=\"Notre histoire Notre histoire Homefr Les 50 ans de Kern &amp; Sammet &#8211; une success story 1975 Cr\u00e9ation de l\u2019entreprise Kern-Backwaren \u00e0 Horgen. Nos premiers produits \u00e9taient des biscuits de No\u00ebl et des biscuits au beurre. Avec un capital de d\u00e9part de 2000 francs, un local a \u00e9t\u00e9 lou\u00e9 \u00e0 Horgen. 1975 1976 Pionniers sur [&hellip;]\" \/>\n<meta property=\"og:url\" content=\"https:\/\/www.kern-sammet.ch\/fr\/notre-histoire\/\" \/>\n<meta property=\"og:site_name\" content=\"Kern Sammet AG\" \/>\n<meta property=\"article:publisher\" content=\"https:\/\/www.facebook.com\/kernsammet\/\" \/>\n<meta property=\"article:modified_time\" content=\"2025-02-24T08:42:01+00:00\" \/>\n<meta property=\"og:image\" content=\"https:\/\/www.kern-sammet.ch\/wp-content\/uploads\/2024\/02\/Logo_alt_KS_1975_web.jpg\" \/>\n\t<meta property=\"og:image:width\" content=\"350\" \/>\n\t<meta property=\"og:image:height\" content=\"85\" \/>\n\t<meta property=\"og:image:type\" content=\"image\/jpeg\" \/>\n<meta name=\"twitter:card\" content=\"summary_large_image\" \/>\n<meta name=\"twitter:label1\" content=\"Dur\u00e9e de lecture estim\u00e9e\" \/>\n\t<meta name=\"twitter:data1\" content=\"7 minutes\" \/>\n<script type=\"application\/ld+json\" class=\"yoast-schema-graph\">{\"@context\":\"https:\\\/\\\/schema.org\",\"@graph\":[{\"@type\":\"WebPage\",\"@id\":\"https:\\\/\\\/www.kern-sammet.ch\\\/fr\\\/notre-histoire\\\/\",\"url\":\"https:\\\/\\\/www.kern-sammet.ch\\\/fr\\\/notre-histoire\\\/\",\"name\":\"Notre histoire - Kern Sammet AG\",\"isPartOf\":{\"@id\":\"https:\\\/\\\/www.kern-sammet.ch\\\/fr\\\/#website\"},\"primaryImageOfPage\":{\"@id\":\"https:\\\/\\\/www.kern-sammet.ch\\\/fr\\\/notre-histoire\\\/#primaryimage\"},\"image\":{\"@id\":\"https:\\\/\\\/www.kern-sammet.ch\\\/fr\\\/notre-histoire\\\/#primaryimage\"},\"thumbnailUrl\":\"https:\\\/\\\/www.kern-sammet.ch\\\/wp-content\\\/uploads\\\/2024\\\/02\\\/Logo_alt_KS_1975_web.jpg\",\"datePublished\":\"2024-01-15T12:22:23+00:00\",\"dateModified\":\"2025-02-24T08:42:01+00:00\",\"breadcrumb\":{\"@id\":\"https:\\\/\\\/www.kern-sammet.ch\\\/fr\\\/notre-histoire\\\/#breadcrumb\"},\"inLanguage\":\"fr-FR\",\"potentialAction\":[{\"@type\":\"ReadAction\",\"target\":[\"https:\\\/\\\/www.kern-sammet.ch\\\/fr\\\/notre-histoire\\\/\"]}]},{\"@type\":\"ImageObject\",\"inLanguage\":\"fr-FR\",\"@id\":\"https:\\\/\\\/www.kern-sammet.ch\\\/fr\\\/notre-histoire\\\/#primaryimage\",\"url\":\"https:\\\/\\\/www.kern-sammet.ch\\\/wp-content\\\/uploads\\\/2024\\\/02\\\/Logo_alt_KS_1975_web.jpg\",\"contentUrl\":\"https:\\\/\\\/www.kern-sammet.ch\\\/wp-content\\\/uploads\\\/2024\\\/02\\\/Logo_alt_KS_1975_web.jpg\"},{\"@type\":\"BreadcrumbList\",\"@id\":\"https:\\\/\\\/www.kern-sammet.ch\\\/fr\\\/notre-histoire\\\/#breadcrumb\",\"itemListElement\":[{\"@type\":\"ListItem\",\"position\":1,\"name\":\"Startseite\",\"item\":\"https:\\\/\\\/www.kern-sammet.ch\\\/fr\\\/\"},{\"@type\":\"ListItem\",\"position\":2,\"name\":\"Notre histoire\"}]},{\"@type\":\"WebSite\",\"@id\":\"https:\\\/\\\/www.kern-sammet.ch\\\/fr\\\/#website\",\"url\":\"https:\\\/\\\/www.kern-sammet.ch\\\/fr\\\/\",\"name\":\"Kern & Sammet AG\",\"description\":\"\",\"publisher\":{\"@id\":\"https:\\\/\\\/www.kern-sammet.ch\\\/fr\\\/#organization\"},\"potentialAction\":[{\"@type\":\"SearchAction\",\"target\":{\"@type\":\"EntryPoint\",\"urlTemplate\":\"https:\\\/\\\/www.kern-sammet.ch\\\/fr\\\/?s={search_term_string}\"},\"query-input\":{\"@type\":\"PropertyValueSpecification\",\"valueRequired\":true,\"valueName\":\"search_term_string\"}}],\"inLanguage\":\"fr-FR\"},{\"@type\":\"Organization\",\"@id\":\"https:\\\/\\\/www.kern-sammet.ch\\\/fr\\\/#organization\",\"name\":\"Kern & Sammet AG\",\"url\":\"https:\\\/\\\/www.kern-sammet.ch\\\/fr\\\/\",\"logo\":{\"@type\":\"ImageObject\",\"inLanguage\":\"fr-FR\",\"@id\":\"https:\\\/\\\/www.kern-sammet.ch\\\/fr\\\/#\\\/schema\\\/logo\\\/image\\\/\",\"url\":\"https:\\\/\\\/www.kern-sammet.ch\\\/wp-content\\\/uploads\\\/2023\\\/11\\\/KS_Logo_Claim_Swiss_RGB_DE.png\",\"contentUrl\":\"https:\\\/\\\/www.kern-sammet.ch\\\/wp-content\\\/uploads\\\/2023\\\/11\\\/KS_Logo_Claim_Swiss_RGB_DE.png\",\"width\":2240,\"height\":585,\"caption\":\"Kern & Sammet AG\"},\"image\":{\"@id\":\"https:\\\/\\\/www.kern-sammet.ch\\\/fr\\\/#\\\/schema\\\/logo\\\/image\\\/\"},\"sameAs\":[\"https:\\\/\\\/www.facebook.com\\\/kernsammet\\\/\"]}]}<\/script>\n<!-- \/ Yoast SEO plugin. -->","yoast_head_json":{"title":"Notre histoire - Kern Sammet AG","robots":{"index":"index","follow":"follow","max-snippet":"max-snippet:-1","max-image-preview":"max-image-preview:large","max-video-preview":"max-video-preview:-1"},"canonical":"https:\/\/www.kern-sammet.ch\/fr\/notre-histoire\/","og_locale":"fr_FR","og_type":"article","og_title":"Notre histoire - Kern Sammet AG","og_description":"Notre histoire Notre histoire Homefr Les 50 ans de Kern &amp; Sammet &#8211; une success story 1975 Cr\u00e9ation de l\u2019entreprise Kern-Backwaren \u00e0 Horgen. Nos premiers produits \u00e9taient des biscuits de No\u00ebl et des biscuits au beurre. Avec un capital de d\u00e9part de 2000 francs, un local a \u00e9t\u00e9 lou\u00e9 \u00e0 Horgen. 1975 1976 Pionniers sur [&hellip;]","og_url":"https:\/\/www.kern-sammet.ch\/fr\/notre-histoire\/","og_site_name":"Kern Sammet AG","article_publisher":"https:\/\/www.facebook.com\/kernsammet\/","article_modified_time":"2025-02-24T08:42:01+00:00","og_image":[{"width":350,"height":85,"url":"https:\/\/www.kern-sammet.ch\/wp-content\/uploads\/2024\/02\/Logo_alt_KS_1975_web.jpg","type":"image\/jpeg"}],"twitter_card":"summary_large_image","twitter_misc":{"Dur\u00e9e de lecture estim\u00e9e":"7 minutes"},"schema":{"@context":"https:\/\/schema.org","@graph":[{"@type":"WebPage","@id":"https:\/\/www.kern-sammet.ch\/fr\/notre-histoire\/","url":"https:\/\/www.kern-sammet.ch\/fr\/notre-histoire\/","name":"Notre histoire - Kern Sammet AG","isPartOf":{"@id":"https:\/\/www.kern-sammet.ch\/fr\/#website"},"primaryImageOfPage":{"@id":"https:\/\/www.kern-sammet.ch\/fr\/notre-histoire\/#primaryimage"},"image":{"@id":"https:\/\/www.kern-sammet.ch\/fr\/notre-histoire\/#primaryimage"},"thumbnailUrl":"https:\/\/www.kern-sammet.ch\/wp-content\/uploads\/2024\/02\/Logo_alt_KS_1975_web.jpg","datePublished":"2024-01-15T12:22:23+00:00","dateModified":"2025-02-24T08:42:01+00:00","breadcrumb":{"@id":"https:\/\/www.kern-sammet.ch\/fr\/notre-histoire\/#breadcrumb"},"inLanguage":"fr-FR","potentialAction":[{"@type":"ReadAction","target":["https:\/\/www.kern-sammet.ch\/fr\/notre-histoire\/"]}]},{"@type":"ImageObject","inLanguage":"fr-FR","@id":"https:\/\/www.kern-sammet.ch\/fr\/notre-histoire\/#primaryimage","url":"https:\/\/www.kern-sammet.ch\/wp-content\/uploads\/2024\/02\/Logo_alt_KS_1975_web.jpg","contentUrl":"https:\/\/www.kern-sammet.ch\/wp-content\/uploads\/2024\/02\/Logo_alt_KS_1975_web.jpg"},{"@type":"BreadcrumbList","@id":"https:\/\/www.kern-sammet.ch\/fr\/notre-histoire\/#breadcrumb","itemListElement":[{"@type":"ListItem","position":1,"name":"Startseite","item":"https:\/\/www.kern-sammet.ch\/fr\/"},{"@type":"ListItem","position":2,"name":"Notre histoire"}]},{"@type":"WebSite","@id":"https:\/\/www.kern-sammet.ch\/fr\/#website","url":"https:\/\/www.kern-sammet.ch\/fr\/","name":"Kern & Sammet AG","description":"","publisher":{"@id":"https:\/\/www.kern-sammet.ch\/fr\/#organization"},"potentialAction":[{"@type":"SearchAction","target":{"@type":"EntryPoint","urlTemplate":"https:\/\/www.kern-sammet.ch\/fr\/?s={search_term_string}"},"query-input":{"@type":"PropertyValueSpecification","valueRequired":true,"valueName":"search_term_string"}}],"inLanguage":"fr-FR"},{"@type":"Organization","@id":"https:\/\/www.kern-sammet.ch\/fr\/#organization","name":"Kern & Sammet AG","url":"https:\/\/www.kern-sammet.ch\/fr\/","logo":{"@type":"ImageObject","inLanguage":"fr-FR","@id":"https:\/\/www.kern-sammet.ch\/fr\/#\/schema\/logo\/image\/","url":"https:\/\/www.kern-sammet.ch\/wp-content\/uploads\/2023\/11\/KS_Logo_Claim_Swiss_RGB_DE.png","contentUrl":"https:\/\/www.kern-sammet.ch\/wp-content\/uploads\/2023\/11\/KS_Logo_Claim_Swiss_RGB_DE.png","width":2240,"height":585,"caption":"Kern & Sammet AG"},"image":{"@id":"https:\/\/www.kern-sammet.ch\/fr\/#\/schema\/logo\/image\/"},"sameAs":["https:\/\/www.facebook.com\/kernsammet\/"]}]}},"_links":{"self":[{"href":"https:\/\/www.kern-sammet.ch\/fr\/wp-json\/wp\/v2\/pages\/13714","targetHints":{"allow":["GET"]}}],"collection":[{"href":"https:\/\/www.kern-sammet.ch\/fr\/wp-json\/wp\/v2\/pages"}],"about":[{"href":"https:\/\/www.kern-sammet.ch\/fr\/wp-json\/wp\/v2\/types\/page"}],"author":[{"embeddable":true,"href":"https:\/\/www.kern-sammet.ch\/fr\/wp-json\/wp\/v2\/users\/1"}],"replies":[{"embeddable":true,"href":"https:\/\/www.kern-sammet.ch\/fr\/wp-json\/wp\/v2\/comments?post=13714"}],"version-history":[{"count":0,"href":"https:\/\/www.kern-sammet.ch\/fr\/wp-json\/wp\/v2\/pages\/13714\/revisions"}],"wp:attachment":[{"href":"https:\/\/www.kern-sammet.ch\/fr\/wp-json\/wp\/v2\/media?parent=13714"}],"curies":[{"name":"wp","href":"https:\/\/api.w.org\/{rel}","templated":true}]}}