{"id":13708,"date":"2024-01-23T14:51:58","date_gmt":"2024-01-23T14:51:58","guid":{"rendered":"https:\/\/www.kern-sammet.ch\/lentreprise\/"},"modified":"2025-01-14T10:46:03","modified_gmt":"2025-01-14T10:46:03","slug":"lentreprise","status":"publish","type":"page","link":"https:\/\/www.kern-sammet.ch\/fr\/lentreprise\/","title":{"rendered":"L\u2019entreprise"},"content":{"rendered":"\t\t<div data-elementor-type=\"wp-page\" data-elementor-id=\"13708\" class=\"elementor elementor-13708 elementor-5216\" data-elementor-post-type=\"page\">\n\t\t\t\t<div class=\"elementor-element elementor-element-e23bdea e-con-full e-flex e-con e-parent\" data-id=\"e23bdea\" data-element_type=\"container\" data-e-type=\"container\" data-settings=\"{&quot;background_background&quot;:&quot;classic&quot;}\">\n\t\t\t\t<div class=\"elementor-element elementor-element-1063ba1 elementor-widget elementor-widget-spacer\" data-id=\"1063ba1\" data-element_type=\"widget\" data-e-type=\"widget\" data-widget_type=\"spacer.default\">\n\t\t\t\t<div class=\"elementor-widget-container\">\n\t\t\t\t\t\t\t<div class=\"elementor-spacer\">\n\t\t\t<div class=\"elementor-spacer-inner\"><\/div>\n\t\t<\/div>\n\t\t\t\t\t\t<\/div>\n\t\t\t\t<\/div>\n\t\t\t\t<\/div>\n\t\t<div class=\"elementor-element elementor-element-985e7d8 e-con-full e-flex e-con e-parent\" data-id=\"985e7d8\" data-element_type=\"container\" data-e-type=\"container\" data-settings=\"{&quot;background_background&quot;:&quot;classic&quot;}\">\n\t\t\t\t<div class=\"elementor-element elementor-element-021361a elementor-hidden-mobile elementor-widget elementor-widget-html\" data-id=\"021361a\" data-element_type=\"widget\" data-e-type=\"widget\" data-widget_type=\"html.default\">\n\t\t\t\t<div class=\"elementor-widget-container\">\n\t\t\t\t\t<div class=\"kurv-cont\">\n\t\n\t<div class=\"kurv-line\"><h1> L\u2019entreprise<\/h1><\/div>\n<\/div>\t\t\t\t<\/div>\n\t\t\t\t<\/div>\n\t\t<div class=\"elementor-element elementor-element-df9c35b elementor-hidden-desktop elementor-hidden-tablet e-flex e-con-boxed e-con e-child\" data-id=\"df9c35b\" data-element_type=\"container\" data-e-type=\"container\" data-settings=\"{&quot;background_background&quot;:&quot;classic&quot;}\">\n\t\t\t\t\t<div class=\"e-con-inner\">\n\t\t\t\t<div class=\"elementor-element elementor-element-35695c6 elementor-hidden-tablet elementor-widget elementor-widget-heading\" data-id=\"35695c6\" data-element_type=\"widget\" data-e-type=\"widget\" data-widget_type=\"heading.default\">\n\t\t\t\t<div class=\"elementor-widget-container\">\n\t\t\t\t\t<h1 class=\"elementor-heading-title elementor-size-default\">L\u2019entreprise<\/h1>\t\t\t\t<\/div>\n\t\t\t\t<\/div>\n\t\t\t\t\t<\/div>\n\t\t\t\t<\/div>\n\t\t\t\t<\/div>\n\t\t<div class=\"elementor-element elementor-element-85b0e7f e-con-full e-flex e-con e-parent\" data-id=\"85b0e7f\" data-element_type=\"container\" data-e-type=\"container\" data-settings=\"{&quot;background_background&quot;:&quot;classic&quot;}\">\n\t\t\t\t<div class=\"elementor-element elementor-element-f935ea0 elementor-widget elementor-widget-pp-breadcrumbs\" data-id=\"f935ea0\" data-element_type=\"widget\" data-e-type=\"widget\" data-settings=\"{&quot;breadcrumbs_type&quot;:&quot;powerpack&quot;}\" data-widget_type=\"pp-breadcrumbs.default\">\n\t\t\t\t<div class=\"elementor-widget-container\">\n\t\t\t\t\t<ul class=\"pp-breadcrumbs pp-breadcrumbs-powerpack\">\t\t<li class=\"pp-breadcrumbs-item pp-breadcrumbs-item-home\">\n\t\t\t<a class=\"pp-breadcrumbs-crumb pp-breadcrumbs-crumb-link pp-breadcrumbs-crumb-home\" href=\"https:\/\/www.kern-sammet.ch\/fr\/\" title=\"Homefr\">\n\t\t\t\t<span class=\"pp-breadcrumbs-text\">\n\t\t\t\t\t\t\t\t\t\t\t<span class=\"pp-icon\">\n\t\t\t\t\t\t\t<i aria-hidden=\"true\" class=\"fas fa-home\"><\/i>\t\t\t\t\t\t<\/span>\n\t\t\t\t\t\t\t\t\t\tHomefr\t\t\t\t<\/span>\n\t\t\t<\/a>\n\t\t<\/li>\n\t\t<li class=\"pp-breadcrumbs-separator\">\t\t\t\t<span class='pp-separator-icon pp-icon'>\n\t\t\t\t\t<i aria-hidden=\"true\" class=\"fas fa-angle-right\"><\/i>\t\t\t\t<\/span>\n\t\t\t\t<\/li><\/ul>\t\t\t\t<\/div>\n\t\t\t\t<\/div>\n\t\t\t\t<\/div>\n\t\t<div class=\"elementor-element elementor-element-be8612c e-con-full e-flex e-con e-parent\" data-id=\"be8612c\" data-element_type=\"container\" data-e-type=\"container\" data-settings=\"{&quot;background_background&quot;:&quot;classic&quot;}\">\n\t\t\t\t<div class=\"elementor-element elementor-element-7d2079a elementor-widget elementor-widget-heading\" data-id=\"7d2079a\" data-element_type=\"widget\" data-e-type=\"widget\" data-widget_type=\"heading.default\">\n\t\t\t\t<div class=\"elementor-widget-container\">\n\t\t\t\t\t<h2 class=\"elementor-heading-title elementor-size-default\">Qui sommes-nous?<\/h2>\t\t\t\t<\/div>\n\t\t\t\t<\/div>\n\t\t\t\t<div class=\"elementor-element elementor-element-d34a2f2 elementor-widget elementor-widget-text-editor\" data-id=\"d34a2f2\" data-element_type=\"widget\" data-e-type=\"widget\" data-widget_type=\"text-editor.default\">\n\t\t\t\t<div class=\"elementor-widget-container\">\n\t\t\t\t\t\t\t\t\t<p>Nous sommes une entreprise suisse pionni\u00e8re dans le domaine des produits de boulangerie surgel\u00e9s. Depuis nos d\u00e9buts, notre production est install\u00e9e sur la rive gauche du lac de Zurich et nous servons notre client\u00e8le \u00e0 travers presque tous les canaux de vente.<\/p>\n\t\t\t\t\t\t\t\t<\/div>\n\t\t\t\t<\/div>\n\t\t\t\t<\/div>\n\t\t<div class=\"elementor-element elementor-element-7b70d58 e-flex e-con-boxed e-con e-parent\" data-id=\"7b70d58\" data-element_type=\"container\" data-e-type=\"container\" data-settings=\"{&quot;background_background&quot;:&quot;classic&quot;}\">\n\t\t\t\t\t<div class=\"e-con-inner\">\n\t\t<div class=\"elementor-element elementor-element-713427d e-con-full e-flex e-con e-child\" data-id=\"713427d\" data-element_type=\"container\" data-e-type=\"container\">\n\t\t\t\t<div class=\"elementor-element elementor-element-a429df8 elementor-widget elementor-widget-image\" data-id=\"a429df8\" data-element_type=\"widget\" data-e-type=\"widget\" data-widget_type=\"image.default\">\n\t\t\t\t<div class=\"elementor-widget-container\">\n\t\t\t\t\t\t\t\t\t\t\t\t\t\t\t<img fetchpriority=\"high\" decoding=\"async\" width=\"800\" height=\"852\" src=\"https:\/\/www.kern-sammet.ch\/wp-content\/uploads\/2024\/02\/unter-nehmen.jpg\" class=\"attachment-large size-large wp-image-6684\" alt=\"\" srcset=\"https:\/\/www.kern-sammet.ch\/wp-content\/uploads\/2024\/02\/unter-nehmen.jpg 900w, https:\/\/www.kern-sammet.ch\/wp-content\/uploads\/2024\/02\/unter-nehmen-282x300.jpg 282w, https:\/\/www.kern-sammet.ch\/wp-content\/uploads\/2024\/02\/unter-nehmen-768x818.jpg 768w\" sizes=\"(max-width: 800px) 100vw, 800px\" \/>\t\t\t\t\t\t\t\t\t\t\t\t\t\t\t<\/div>\n\t\t\t\t<\/div>\n\t\t\t\t<\/div>\n\t\t<div class=\"elementor-element elementor-element-8a7c2ef e-con-full e-flex e-con e-child\" data-id=\"8a7c2ef\" data-element_type=\"container\" data-e-type=\"container\">\n\t\t\t\t<div class=\"elementor-element elementor-element-1724cbc elementor-widget elementor-widget-text-editor\" data-id=\"1724cbc\" data-element_type=\"widget\" data-e-type=\"widget\" data-widget_type=\"text-editor.default\">\n\t\t\t\t<div class=\"elementor-widget-container\">\n\t\t\t\t\t\t\t\t\t<p>C\u2019est \u00e0 la main, avec amour et beaucoup d\u2019engagement que nos quelque 100 collaborateurs et collaboratrices de pr\u00e8s de 20 nationalit\u00e9s diff\u00e9rentes confectionnent chaque jour des pains croustillants, de d\u00e9licieux croissants, de savoureux g\u00e2teaux, diff\u00e9rentes p\u00e2tes, des snacks et bien plus encore. Ils donnent chaque jour le meilleur d\u2019eux-m\u00eames pour vous offrir toujours de meilleures exp\u00e9riences gustatives. <\/p>\n<p>Ce qui rend nos produits si particuliers, ce ne sont pas seulement leurs ingr\u00e9dients naturels, d\u2019origine suisse pour la plupart.<\/p>\n<p>La diff\u00e9rence r\u00e9side dans le fait que chacun de nos collaborateurs s\u2019engage personnellement et met la main \u00e0 la p\u00e2te pour vous surprendre avec de nouveaux produits in\u00e9dits d\u2019une qualit\u00e9 incomparable.<\/p>\n\t\t\t\t\t\t\t\t<\/div>\n\t\t\t\t<\/div>\n\t\t\t\t<\/div>\n\t\t\t\t\t<\/div>\n\t\t\t\t<\/div>\n\t\t<div class=\"elementor-element elementor-element-090b336 e-flex e-con-boxed e-con e-parent\" data-id=\"090b336\" data-element_type=\"container\" data-e-type=\"container\">\n\t\t\t\t\t<div class=\"e-con-inner\">\n\t\t\t\t<div class=\"elementor-element elementor-element-56fa742 elementor-widget elementor-widget-image\" data-id=\"56fa742\" data-element_type=\"widget\" data-e-type=\"widget\" data-widget_type=\"image.default\">\n\t\t\t\t<div class=\"elementor-widget-container\">\n\t\t\t\t\t\t\t\t\t\t\t\t\t\t\t<img decoding=\"async\" width=\"2500\" height=\"1098\" src=\"https:\/\/www.kern-sammet.ch\/wp-content\/uploads\/2024\/02\/sortiment-1.jpg\" class=\"attachment-full size-full wp-image-6689\" alt=\"\" srcset=\"https:\/\/www.kern-sammet.ch\/wp-content\/uploads\/2024\/02\/sortiment-1.jpg 2500w, https:\/\/www.kern-sammet.ch\/wp-content\/uploads\/2024\/02\/sortiment-1-300x132.jpg 300w, https:\/\/www.kern-sammet.ch\/wp-content\/uploads\/2024\/02\/sortiment-1-1024x450.jpg 1024w, https:\/\/www.kern-sammet.ch\/wp-content\/uploads\/2024\/02\/sortiment-1-768x337.jpg 768w, https:\/\/www.kern-sammet.ch\/wp-content\/uploads\/2024\/02\/sortiment-1-1536x675.jpg 1536w, https:\/\/www.kern-sammet.ch\/wp-content\/uploads\/2024\/02\/sortiment-1-2048x899.jpg 2048w\" sizes=\"(max-width: 2500px) 100vw, 2500px\" \/>\t\t\t\t\t\t\t\t\t\t\t\t\t\t\t<\/div>\n\t\t\t\t<\/div>\n\t\t\t\t\t<\/div>\n\t\t\t\t<\/div>\n\t\t<div class=\"elementor-element elementor-element-77ffb0a e-flex e-con-boxed e-con e-parent\" data-id=\"77ffb0a\" data-element_type=\"container\" data-e-type=\"container\">\n\t\t\t\t\t<div class=\"e-con-inner\">\n\t\t\t\t<div class=\"elementor-element elementor-element-668a927 elementor-widget elementor-widget-text-editor\" data-id=\"668a927\" data-element_type=\"widget\" data-e-type=\"widget\" data-widget_type=\"text-editor.default\">\n\t\t\t\t<div class=\"elementor-widget-container\">\n\t\t\t\t\t\t\t\t\t<p>Nous produisons de nombreux pains, p\u00e2tisseries, snacks, desserts et p\u00e2tes, et sommes depuis toujours \u00e0 l\u2019\u00e9coute des derni\u00e8res tendances culinaires. \u00c0 l\u2019avenir aussi, nous continuerons \u00e0 investir largement dans la cr\u00e9ation de pains et d\u2019articles de boulangerie innovants qui correspondent \u00e0 vos go\u00fbts et titillent la curiosit\u00e9 de votre client\u00e8le.<\/p>\n\t\t\t\t\t\t\t\t<\/div>\n\t\t\t\t<\/div>\n\t\t\t\t<div class=\"elementor-element elementor-element-d1d0c0b elementor-widget elementor-widget-html\" data-id=\"d1d0c0b\" data-element_type=\"widget\" data-e-type=\"widget\" data-widget_type=\"html.default\">\n\t\t\t\t<div class=\"elementor-widget-container\">\n\t\t\t\t\t<div class=\"kurv-cont\" data-corners=\"2\" data-wave_height=\"2.6\" data-wave_length=\"30\">\n\t\n\t<div class=\"kurv-line\"><h6><a href=\"https:\/\/www.kern-sammet.ch\/fr\/apercu\/\">JETEZ ICI UN \u0152IL \u00c0 NOTRE VASTE GAMME DE PRODUITS \u2192<\/a><\/h6><\/div>\n<\/div>\t\t\t\t<\/div>\n\t\t\t\t<\/div>\n\t\t\t\t\t<\/div>\n\t\t\t\t<\/div>\n\t\t<div class=\"elementor-element elementor-element-8d94b01 e-flex e-con-boxed e-con e-parent\" data-id=\"8d94b01\" data-element_type=\"container\" data-e-type=\"container\">\n\t\t\t\t\t<div class=\"e-con-inner\">\n\t\t\t\t<div class=\"elementor-element elementor-element-e3d90ae elementor-widget elementor-widget-text-editor\" data-id=\"e3d90ae\" data-element_type=\"widget\" data-e-type=\"widget\" data-widget_type=\"text-editor.default\">\n\t\t\t\t<div class=\"elementor-widget-container\">\n\t\t\t\t\t\t\t\t\t<p>Le plaisir est au c\u0153ur de nos priorit\u00e9s. Depuis un demi-si\u00e8cle, nous nous consacrons enti\u00e8rement \u00e0 notre passion de la p\u00e2tisserie et nous transformons avec amour les meilleurs ingr\u00e9dients suisses dans notre manufacture situ\u00e9e au bord du lac de Zurich.<\/p>\t\t\t\t\t\t\t\t<\/div>\n\t\t\t\t<\/div>\n\t\t\t\t\t<\/div>\n\t\t\t\t<\/div>\n\t\t<div class=\"elementor-element elementor-element-cd05731 e-con-full elementor-hidden-tablet e-flex e-con e-parent\" data-id=\"cd05731\" data-element_type=\"container\" data-e-type=\"container\" data-settings=\"{&quot;background_background&quot;:&quot;classic&quot;}\">\n\t\t<div class=\"elementor-element elementor-element-346c3ba e-con-full col-ks-left e-flex e-con e-child\" data-id=\"346c3ba\" data-element_type=\"container\" data-e-type=\"container\">\n\t\t<div class=\"elementor-element elementor-element-642ac53 e-flex e-con-boxed e-con e-child\" data-id=\"642ac53\" data-element_type=\"container\" data-e-type=\"container\">\n\t\t\t\t\t<div class=\"e-con-inner\">\n\t\t\t\t<div class=\"elementor-element elementor-element-0b487cb elementor-hidden-mobile elementor-widget elementor-widget-html\" data-id=\"0b487cb\" data-element_type=\"widget\" data-e-type=\"widget\" data-widget_type=\"html.default\">\n\t\t\t\t<div class=\"elementor-widget-container\">\n\t\t\t\t\t<div class=\"kurv-cont\" data-corners=\"2\" data-wave_height=\"2.6\" data-wave_length=\"30\">\n\t\n\t<div class=\"kurv-line\"><h1>Notre<\/h1><\/div>\n<\/div>\t\t\t\t<\/div>\n\t\t\t\t<\/div>\n\t\t\t\t<div class=\"elementor-element elementor-element-cc78554 elementor-hidden-desktop elementor-hidden-tablet elementor-widget elementor-widget-html\" data-id=\"cc78554\" data-element_type=\"widget\" data-e-type=\"widget\" data-widget_type=\"html.default\">\n\t\t\t\t<div class=\"elementor-widget-container\">\n\t\t\t\t\t<div class=\"kurv-cont\" data-corners=\"2\" data-wave_height=\"2.6\" data-wave_length=\"30\">\n\t\n\t<div class=\"kurv-line\"><h4>Notre<\/h4><\/div>\n<\/div>\t\t\t\t<\/div>\n\t\t\t\t<\/div>\n\t\t\t\t\t<\/div>\n\t\t\t\t<\/div>\n\t\t<div class=\"elementor-element elementor-element-6dfb675 e-flex e-con-boxed e-con e-child\" data-id=\"6dfb675\" data-element_type=\"container\" data-e-type=\"container\">\n\t\t\t\t\t<div class=\"e-con-inner\">\n\t\t\t\t<div class=\"elementor-element elementor-element-a639ca0 elementor-hidden-mobile elementor-widget elementor-widget-html\" data-id=\"a639ca0\" data-element_type=\"widget\" data-e-type=\"widget\" data-widget_type=\"html.default\">\n\t\t\t\t<div class=\"elementor-widget-container\">\n\t\t\t\t\t<div class=\"kurv-cont\" data-corners=\"2\" data-wave_height=\"2.6\" data-wave_length=\"30\">\n\t\n\t<div class=\"kurv-line\"><h1>m\u00e9tier<\/h1><\/div>\n<\/div>\t\t\t\t<\/div>\n\t\t\t\t<\/div>\n\t\t\t\t<div class=\"elementor-element elementor-element-8759509 elementor-hidden-desktop elementor-hidden-tablet elementor-widget elementor-widget-html\" data-id=\"8759509\" data-element_type=\"widget\" data-e-type=\"widget\" data-widget_type=\"html.default\">\n\t\t\t\t<div class=\"elementor-widget-container\">\n\t\t\t\t\t<div class=\"kurv-cont\" data-corners=\"2\" data-wave_height=\"2.6\" data-wave_length=\"30\">\n\t\n\t<div class=\"kurv-line\"><h4>m\u00e9tier<\/h4><\/div>\n<\/div>\t\t\t\t<\/div>\n\t\t\t\t<\/div>\n\t\t\t\t\t<\/div>\n\t\t\t\t<\/div>\n\t\t\t\t<div class=\"elementor-element elementor-element-b7ae112 elementor-widget elementor-widget-text-editor\" data-id=\"b7ae112\" data-element_type=\"widget\" data-e-type=\"widget\" data-widget_type=\"text-editor.default\">\n\t\t\t\t<div class=\"elementor-widget-container\">\n\t\t\t\t\t\t\t\t\t<p>Par conviction, nous faisons confiance \u00e0 des collaboratrices et collaborateurs de longue date qui s\u2019engagent avec beaucoup de passion, de soin et d\u2019amour pour que chacun de nos produits r\u00e9ponde aux exigences les plus \u00e9lev\u00e9es en mati\u00e8re de qualit\u00e9 et de go\u00fbt.<\/p>\n\t\t\t\t\t\t\t\t<\/div>\n\t\t\t\t<\/div>\n\t\t\t\t<\/div>\n\t\t<div class=\"elementor-element elementor-element-0552898 e-con-full e-flex e-con e-child\" data-id=\"0552898\" data-element_type=\"container\" data-e-type=\"container\" data-settings=\"{&quot;background_background&quot;:&quot;classic&quot;}\">\n\t\t\t\t<div class=\"elementor-element elementor-element-8a2b74a elementor-hidden-tablet elementor-widget elementor-widget-image\" data-id=\"8a2b74a\" data-element_type=\"widget\" data-e-type=\"widget\" data-widget_type=\"image.default\">\n\t\t\t\t<div class=\"elementor-widget-container\">\n\t\t\t\t\t\t\t\t\t\t\t\t\t\t\t<img decoding=\"async\" width=\"1700\" height=\"1550\" src=\"https:\/\/www.kern-sammet.ch\/wp-content\/uploads\/2023\/11\/KernSammet-Produktion-2.jpg\" class=\"attachment-full size-full wp-image-4518\" alt=\"\" srcset=\"https:\/\/www.kern-sammet.ch\/wp-content\/uploads\/2023\/11\/KernSammet-Produktion-2.jpg 1700w, https:\/\/www.kern-sammet.ch\/wp-content\/uploads\/2023\/11\/KernSammet-Produktion-2-300x274.jpg 300w, https:\/\/www.kern-sammet.ch\/wp-content\/uploads\/2023\/11\/KernSammet-Produktion-2-1024x934.jpg 1024w, https:\/\/www.kern-sammet.ch\/wp-content\/uploads\/2023\/11\/KernSammet-Produktion-2-768x700.jpg 768w, https:\/\/www.kern-sammet.ch\/wp-content\/uploads\/2023\/11\/KernSammet-Produktion-2-1536x1400.jpg 1536w\" sizes=\"(max-width: 1700px) 100vw, 1700px\" \/>\t\t\t\t\t\t\t\t\t\t\t\t\t\t\t<\/div>\n\t\t\t\t<\/div>\n\t\t\t\t<\/div>\n\t\t\t\t<\/div>\n\t\t<div class=\"elementor-element elementor-element-5282ea6 e-con-full elementor-hidden-desktop elementor-hidden-mobile e-flex e-con e-parent\" data-id=\"5282ea6\" data-element_type=\"container\" data-e-type=\"container\" data-settings=\"{&quot;background_background&quot;:&quot;classic&quot;}\">\n\t\t<div class=\"elementor-element elementor-element-e73eb2b e-con-full col-ks-left e-flex e-con e-child\" data-id=\"e73eb2b\" data-element_type=\"container\" data-e-type=\"container\">\n\t\t<div class=\"elementor-element elementor-element-0b91f17 e-flex e-con-boxed e-con e-child\" data-id=\"0b91f17\" data-element_type=\"container\" data-e-type=\"container\">\n\t\t\t\t\t<div class=\"e-con-inner\">\n\t\t\t\t<div class=\"elementor-element elementor-element-79a1b92 elementor-widget elementor-widget-html\" data-id=\"79a1b92\" data-element_type=\"widget\" data-e-type=\"widget\" data-widget_type=\"html.default\">\n\t\t\t\t<div class=\"elementor-widget-container\">\n\t\t\t\t\t<div class=\"kurv-cont\" data-corners=\"2\" data-wave_height=\"2.6\" data-wave_length=\"30\">\n\t\n\t<div class=\"kurv-line\"><h1>Notre<\/h1><\/div>\n<\/div>\t\t\t\t<\/div>\n\t\t\t\t<\/div>\n\t\t\t\t\t<\/div>\n\t\t\t\t<\/div>\n\t\t<div class=\"elementor-element elementor-element-b63ced8 e-flex e-con-boxed e-con e-child\" data-id=\"b63ced8\" data-element_type=\"container\" data-e-type=\"container\">\n\t\t\t\t\t<div class=\"e-con-inner\">\n\t\t\t\t<div class=\"elementor-element elementor-element-a57b6ed elementor-widget elementor-widget-html\" data-id=\"a57b6ed\" data-element_type=\"widget\" data-e-type=\"widget\" data-widget_type=\"html.default\">\n\t\t\t\t<div class=\"elementor-widget-container\">\n\t\t\t\t\t<div class=\"kurv-cont\" data-corners=\"2\" data-wave_height=\"2.6\" data-wave_length=\"30\">\n\t\n\t<div class=\"kurv-line\"><h1>m\u00e9tier<\/h1><\/div>\n<\/div>\t\t\t\t<\/div>\n\t\t\t\t<\/div>\n\t\t\t\t\t<\/div>\n\t\t\t\t<\/div>\n\t\t<div class=\"elementor-element elementor-element-4d87850 e-con-full elementor-hidden-desktop elementor-hidden-tablet elementor-hidden-mobile e-flex e-con e-child\" data-id=\"4d87850\" data-element_type=\"container\" data-e-type=\"container\" data-settings=\"{&quot;background_background&quot;:&quot;classic&quot;}\">\n\t\t<div class=\"elementor-element elementor-element-997c213 e-con-full e-flex e-con e-child\" data-id=\"997c213\" data-element_type=\"container\" data-e-type=\"container\" data-settings=\"{&quot;background_background&quot;:&quot;classic&quot;}\">\n\t\t\t\t<div class=\"elementor-element elementor-element-a0faeee elementor-widget elementor-widget-heading\" data-id=\"a0faeee\" data-element_type=\"widget\" data-e-type=\"widget\" data-widget_type=\"heading.default\">\n\t\t\t\t<div class=\"elementor-widget-container\">\n\t\t\t\t\t<h1 class=\"elementor-heading-title elementor-size-default\">Notre<\/h1>\t\t\t\t<\/div>\n\t\t\t\t<\/div>\n\t\t\t\t<\/div>\n\t\t<div class=\"elementor-element elementor-element-e28d77b e-con-full e-flex e-con e-child\" data-id=\"e28d77b\" data-element_type=\"container\" data-e-type=\"container\" data-settings=\"{&quot;background_background&quot;:&quot;classic&quot;}\">\n\t\t\t\t<div class=\"elementor-element elementor-element-bf0105f elementor-widget elementor-widget-heading\" data-id=\"bf0105f\" data-element_type=\"widget\" data-e-type=\"widget\" data-widget_type=\"heading.default\">\n\t\t\t\t<div class=\"elementor-widget-container\">\n\t\t\t\t\t<h1 class=\"elementor-heading-title elementor-size-default\">m\u00e9tier<\/h1>\t\t\t\t<\/div>\n\t\t\t\t<\/div>\n\t\t\t\t<\/div>\n\t\t\t\t<\/div>\n\t\t\t\t<div class=\"elementor-element elementor-element-6401cc7 elementor-widget elementor-widget-text-editor\" data-id=\"6401cc7\" data-element_type=\"widget\" data-e-type=\"widget\" data-widget_type=\"text-editor.default\">\n\t\t\t\t<div class=\"elementor-widget-container\">\n\t\t\t\t\t\t\t\t\t<p>Par conviction, nous faisons confiance \u00e0 des collaboratrices et collaborateurs de longue date qui s\u2019engagent avec beaucoup de passion, de soin et d\u2019amour pour que chacun de nos produits r\u00e9ponde aux exigences les plus \u00e9lev\u00e9es en mati\u00e8re de qualit\u00e9 et de go\u00fbt.<\/p>\n\t\t\t\t\t\t\t\t<\/div>\n\t\t\t\t<\/div>\n\t\t\t\t<\/div>\n\t\t<div class=\"elementor-element elementor-element-f5dd67b e-con-full e-flex e-con e-child\" data-id=\"f5dd67b\" data-element_type=\"container\" data-e-type=\"container\" data-settings=\"{&quot;background_background&quot;:&quot;classic&quot;}\">\n\t\t\t\t<\/div>\n\t\t\t\t<\/div>\n\t\t<div class=\"elementor-element elementor-element-c35ce07 e-con-full elementor-hidden-tablet e-flex e-con e-parent\" data-id=\"c35ce07\" data-element_type=\"container\" data-e-type=\"container\" data-settings=\"{&quot;background_background&quot;:&quot;classic&quot;}\">\n\t\t<div class=\"elementor-element elementor-element-656b28c e-con-full e-flex e-con e-child\" data-id=\"656b28c\" data-element_type=\"container\" data-e-type=\"container\" data-settings=\"{&quot;background_background&quot;:&quot;classic&quot;}\">\n\t\t\t\t<div class=\"elementor-element elementor-element-f27274a elementor-hidden-tablet elementor-widget elementor-widget-image\" data-id=\"f27274a\" data-element_type=\"widget\" data-e-type=\"widget\" data-widget_type=\"image.default\">\n\t\t\t\t<div class=\"elementor-widget-container\">\n\t\t\t\t\t\t\t\t\t\t\t\t\t\t\t<img loading=\"lazy\" decoding=\"async\" width=\"2325\" height=\"1550\" src=\"https:\/\/www.kern-sammet.ch\/wp-content\/uploads\/2024\/02\/gipfeli.jpg\" class=\"attachment-full size-full wp-image-6705\" alt=\"\" srcset=\"https:\/\/www.kern-sammet.ch\/wp-content\/uploads\/2024\/02\/gipfeli.jpg 2325w, https:\/\/www.kern-sammet.ch\/wp-content\/uploads\/2024\/02\/gipfeli-300x200.jpg 300w, https:\/\/www.kern-sammet.ch\/wp-content\/uploads\/2024\/02\/gipfeli-1024x683.jpg 1024w, https:\/\/www.kern-sammet.ch\/wp-content\/uploads\/2024\/02\/gipfeli-768x512.jpg 768w, https:\/\/www.kern-sammet.ch\/wp-content\/uploads\/2024\/02\/gipfeli-1536x1024.jpg 1536w, https:\/\/www.kern-sammet.ch\/wp-content\/uploads\/2024\/02\/gipfeli-2048x1365.jpg 2048w\" sizes=\"(max-width: 2325px) 100vw, 2325px\" \/>\t\t\t\t\t\t\t\t\t\t\t\t\t\t\t<\/div>\n\t\t\t\t<\/div>\n\t\t\t\t<\/div>\n\t\t<div class=\"elementor-element elementor-element-9757f31 e-con-full col-ks-right e-flex e-con e-child\" data-id=\"9757f31\" data-element_type=\"container\" data-e-type=\"container\">\n\t\t\t\t<div class=\"elementor-element elementor-element-c0aa6aa elementor-widget elementor-widget-text-editor\" data-id=\"c0aa6aa\" data-element_type=\"widget\" data-e-type=\"widget\" data-widget_type=\"text-editor.default\">\n\t\t\t\t<div class=\"elementor-widget-container\">\n\t\t\t\t\t\t\t\t\t<p>Tous nos croissants sont d\u00e9coup\u00e9s et fa\u00e7onn\u00e9s \u00e0 la main, chaque bretzel est tress\u00e9 \u00e0 la main et la garniture et la d\u00e9coration de nos g\u00e2teaux et autres produits de boulangerie sont \u00e9galement confectionn\u00e9s \u00e0 la main.<\/p>\n\t\t\t\t\t\t\t\t<\/div>\n\t\t\t\t<\/div>\n\t\t\t\t<\/div>\n\t\t\t\t<\/div>\n\t\t<div class=\"elementor-element elementor-element-d570478 e-con-full elementor-hidden-desktop elementor-hidden-mobile e-flex e-con e-parent\" data-id=\"d570478\" data-element_type=\"container\" data-e-type=\"container\" data-settings=\"{&quot;background_background&quot;:&quot;classic&quot;}\">\n\t\t<div class=\"elementor-element elementor-element-9a38af7 e-con-full col-ks-left e-flex e-con e-child\" data-id=\"9a38af7\" data-element_type=\"container\" data-e-type=\"container\">\n\t\t\t\t<div class=\"elementor-element elementor-element-cc78d00 elementor-widget elementor-widget-text-editor\" data-id=\"cc78d00\" data-element_type=\"widget\" data-e-type=\"widget\" data-widget_type=\"text-editor.default\">\n\t\t\t\t<div class=\"elementor-widget-container\">\n\t\t\t\t\t\t\t\t\t<p>Tous nos croissants sont d\u00e9coup\u00e9s et fa\u00e7onn\u00e9s \u00e0 la main, chaque bretzel est tress\u00e9 \u00e0 la main et la garniture et la d\u00e9coration de nos g\u00e2teaux et autres produits de boulangerie sont \u00e9galement confectionn\u00e9s \u00e0 la main.<\/p>\n\t\t\t\t\t\t\t\t<\/div>\n\t\t\t\t<\/div>\n\t\t\t\t<\/div>\n\t\t<div class=\"elementor-element elementor-element-5b714ba e-con-full e-flex e-con e-child\" data-id=\"5b714ba\" data-element_type=\"container\" data-e-type=\"container\" data-settings=\"{&quot;background_background&quot;:&quot;classic&quot;}\">\n\t\t\t\t<\/div>\n\t\t\t\t<\/div>\n\t\t<div class=\"elementor-element elementor-element-55b0e3b e-flex e-con-boxed e-con e-parent\" data-id=\"55b0e3b\" data-element_type=\"container\" data-e-type=\"container\" data-settings=\"{&quot;background_background&quot;:&quot;classic&quot;}\">\n\t\t\t\t\t<div class=\"e-con-inner\">\n\t\t<div class=\"elementor-element elementor-element-49ccf7a e-con-full e-flex e-con e-child\" data-id=\"49ccf7a\" data-element_type=\"container\" data-e-type=\"container\" data-settings=\"{&quot;background_background&quot;:&quot;classic&quot;}\">\n\t\t\t\t<\/div>\n\t\t<div class=\"elementor-element elementor-element-857c20f e-con-full e-flex e-con e-child\" data-id=\"857c20f\" data-element_type=\"container\" data-e-type=\"container\" data-settings=\"{&quot;background_background&quot;:&quot;classic&quot;}\">\n\t\t\t\t<\/div>\n\t\t<div class=\"elementor-element elementor-element-a3cee89 e-con-full e-flex e-con e-child\" data-id=\"a3cee89\" data-element_type=\"container\" data-e-type=\"container\" data-settings=\"{&quot;background_background&quot;:&quot;classic&quot;}\">\n\t\t\t\t<\/div>\n\t\t\t\t\t<\/div>\n\t\t\t\t<\/div>\n\t\t<div class=\"elementor-element elementor-element-5d01b2e e-con-full elementor-hidden-tablet e-flex e-con e-parent\" data-id=\"5d01b2e\" data-element_type=\"container\" data-e-type=\"container\" data-settings=\"{&quot;background_background&quot;:&quot;classic&quot;}\">\n\t\t<div class=\"elementor-element elementor-element-b9aaeef e-con-full col-ks-left e-flex e-con e-child\" data-id=\"b9aaeef\" data-element_type=\"container\" data-e-type=\"container\">\n\t\t\t\t<div class=\"elementor-element elementor-element-336c906 elementor-widget elementor-widget-text-editor\" data-id=\"336c906\" data-element_type=\"widget\" data-e-type=\"widget\" data-widget_type=\"text-editor.default\">\n\t\t\t\t<div class=\"elementor-widget-container\">\n\t\t\t\t\t\t\t\t\t<p>Nos produits de boulangerie sont fabriqu\u00e9s selon les directives de qualit\u00e9 les plus strictes et congel\u00e9s imm\u00e9diatement apr\u00e8s leur production. L\u2019emballage et l\u2019\u00e9tiquetage sont eux aussi r\u00e9alis\u00e9s soigneusement \u00e0 la main.<\/p>\n\t\t\t\t\t\t\t\t<\/div>\n\t\t\t\t<\/div>\n\t\t\t\t<\/div>\n\t\t<div class=\"elementor-element elementor-element-7976060 e-con-full e-flex e-con e-child\" data-id=\"7976060\" data-element_type=\"container\" data-e-type=\"container\" data-settings=\"{&quot;background_background&quot;:&quot;classic&quot;}\">\n\t\t\t\t<div class=\"elementor-element elementor-element-9ca39ba elementor-hidden-tablet elementor-widget elementor-widget-image\" data-id=\"9ca39ba\" data-element_type=\"widget\" data-e-type=\"widget\" data-widget_type=\"image.default\">\n\t\t\t\t<div class=\"elementor-widget-container\">\n\t\t\t\t\t\t\t\t\t\t\t\t\t\t\t<img loading=\"lazy\" decoding=\"async\" width=\"1700\" height=\"1134\" src=\"https:\/\/www.kern-sammet.ch\/wp-content\/uploads\/2024\/02\/unternehmen-gipfel.jpg\" class=\"attachment-full size-full wp-image-6728\" alt=\"\" srcset=\"https:\/\/www.kern-sammet.ch\/wp-content\/uploads\/2024\/02\/unternehmen-gipfel.jpg 1700w, https:\/\/www.kern-sammet.ch\/wp-content\/uploads\/2024\/02\/unternehmen-gipfel-300x200.jpg 300w, https:\/\/www.kern-sammet.ch\/wp-content\/uploads\/2024\/02\/unternehmen-gipfel-1024x683.jpg 1024w, https:\/\/www.kern-sammet.ch\/wp-content\/uploads\/2024\/02\/unternehmen-gipfel-768x512.jpg 768w, https:\/\/www.kern-sammet.ch\/wp-content\/uploads\/2024\/02\/unternehmen-gipfel-1536x1025.jpg 1536w\" sizes=\"(max-width: 1700px) 100vw, 1700px\" \/>\t\t\t\t\t\t\t\t\t\t\t\t\t\t\t<\/div>\n\t\t\t\t<\/div>\n\t\t\t\t<\/div>\n\t\t\t\t<\/div>\n\t\t<div class=\"elementor-element elementor-element-eb52761 e-con-full elementor-hidden-desktop elementor-hidden-mobile e-flex e-con e-parent\" data-id=\"eb52761\" data-element_type=\"container\" data-e-type=\"container\" data-settings=\"{&quot;background_background&quot;:&quot;classic&quot;}\">\n\t\t<div class=\"elementor-element elementor-element-20dab96 e-con-full col-ks-left e-flex e-con e-child\" data-id=\"20dab96\" data-element_type=\"container\" data-e-type=\"container\">\n\t\t\t\t<div class=\"elementor-element elementor-element-b35e755 elementor-widget elementor-widget-text-editor\" data-id=\"b35e755\" data-element_type=\"widget\" data-e-type=\"widget\" data-widget_type=\"text-editor.default\">\n\t\t\t\t<div class=\"elementor-widget-container\">\n\t\t\t\t\t\t\t\t\t<p>Nos produits de boulangerie sont fabriqu\u00e9s selon les directives de qualit\u00e9 les plus strictes et congel\u00e9s imm\u00e9diatement apr\u00e8s leur production. L\u2019emballage et l\u2019\u00e9tiquetage sont eux aussi r\u00e9alis\u00e9s soigneusement \u00e0 la main.<\/p>\n\t\t\t\t\t\t\t\t<\/div>\n\t\t\t\t<\/div>\n\t\t\t\t<\/div>\n\t\t<div class=\"elementor-element elementor-element-a38d8e5 e-con-full e-flex e-con e-child\" data-id=\"a38d8e5\" data-element_type=\"container\" data-e-type=\"container\" data-settings=\"{&quot;background_background&quot;:&quot;classic&quot;}\">\n\t\t\t\t<\/div>\n\t\t\t\t<\/div>\n\t\t<div class=\"elementor-element elementor-element-fd66e9c e-flex e-con-boxed e-con e-parent\" data-id=\"fd66e9c\" data-element_type=\"container\" data-e-type=\"container\" data-settings=\"{&quot;background_background&quot;:&quot;classic&quot;}\">\n\t\t\t\t\t<div class=\"e-con-inner\">\n\t\t\t\t<div class=\"elementor-element elementor-element-53c740a elementor-widget elementor-widget-text-editor\" data-id=\"53c740a\" data-element_type=\"widget\" data-e-type=\"widget\" data-widget_type=\"text-editor.default\">\n\t\t\t\t<div class=\"elementor-widget-container\">\n\t\t\t\t\t\t\t\t\t<ul>\n<li>\u2022La flexibilit\u00e9 est l\u2019un de nos principaux atouts: des processus d\u00e9cisionnels courts, une production rapide<\/li>\n<li>Dans le secteur de la restauration, nous sommes consid\u00e9r\u00e9s comme un secret d\u2019initi\u00e9 en raison de la grande qualit\u00e9 de nos produits: la marque \u00abbleu et blanc\u00bb est tr\u00e8s recherch\u00e9e<\/li>\n<li>Nous sommes certifi\u00e9s FSSC 22 000. Ce certificat garantit la proc\u00e9dure la plus s\u00fbre dans le secteur agroalimentaire.<\/li>\n<li>Nos produits sont \u00abmade in Switzerland\u00bb, conform\u00e9ment \u00e0 notre credo: \u00abKern &amp; Sammet, l\u2019art de la boulangerie surgel\u00e9e \u00e0 la suisse\u00bb<\/li>\n<\/ul>\n\t\t\t\t\t\t\t\t<\/div>\n\t\t\t\t<\/div>\n\t\t\t\t\t<\/div>\n\t\t\t\t<\/div>\n\t\t\t\t<\/div>\n\t\t","protected":false},"excerpt":{"rendered":"<p>L\u2019entreprise L\u2019entreprise Homefr Qui sommes-nous? Nous sommes une entreprise suisse pionni\u00e8re dans le domaine des produits de boulangerie surgel\u00e9s. Depuis nos d\u00e9buts, notre production est install\u00e9e sur la rive gauche du lac de Zurich et nous servons notre client\u00e8le \u00e0 travers presque tous les canaux de vente. C\u2019est \u00e0 la main, avec amour et beaucoup [&hellip;]<\/p>\n","protected":false},"author":1,"featured_media":0,"parent":0,"menu_order":0,"comment_status":"closed","ping_status":"closed","template":"","meta":{"_acf_changed":false,"footnotes":""},"class_list":["post-13708","page","type-page","status-publish","hentry"],"acf":[],"yoast_head":"<!-- This site is optimized with the Yoast SEO plugin v27.4 - https:\/\/yoast.com\/product\/yoast-seo-wordpress\/ -->\n<title>L\u2019entreprise - Kern Sammet AG<\/title>\n<meta name=\"robots\" content=\"index, follow, max-snippet:-1, max-image-preview:large, max-video-preview:-1\" \/>\n<link rel=\"canonical\" href=\"https:\/\/www.kern-sammet.ch\/fr\/lentreprise\/\" \/>\n<meta property=\"og:locale\" content=\"fr_FR\" \/>\n<meta property=\"og:type\" content=\"article\" \/>\n<meta property=\"og:title\" content=\"L\u2019entreprise - Kern Sammet AG\" \/>\n<meta property=\"og:description\" content=\"L\u2019entreprise L\u2019entreprise Homefr Qui sommes-nous? Nous sommes une entreprise suisse pionni\u00e8re dans le domaine des produits de boulangerie surgel\u00e9s. Depuis nos d\u00e9buts, notre production est install\u00e9e sur la rive gauche du lac de Zurich et nous servons notre client\u00e8le \u00e0 travers presque tous les canaux de vente. C\u2019est \u00e0 la main, avec amour et beaucoup [&hellip;]\" \/>\n<meta property=\"og:url\" content=\"https:\/\/www.kern-sammet.ch\/fr\/lentreprise\/\" \/>\n<meta property=\"og:site_name\" content=\"Kern Sammet AG\" \/>\n<meta property=\"article:publisher\" content=\"https:\/\/www.facebook.com\/kernsammet\/\" \/>\n<meta property=\"article:modified_time\" content=\"2025-01-14T10:46:03+00:00\" \/>\n<meta property=\"og:image\" content=\"https:\/\/www.kern-sammet.ch\/wp-content\/uploads\/2024\/02\/unter-nehmen.jpg\" \/>\n\t<meta property=\"og:image:width\" content=\"900\" \/>\n\t<meta property=\"og:image:height\" content=\"959\" \/>\n\t<meta property=\"og:image:type\" content=\"image\/jpeg\" \/>\n<meta name=\"twitter:card\" content=\"summary_large_image\" \/>\n<meta name=\"twitter:label1\" content=\"Dur\u00e9e de lecture estim\u00e9e\" \/>\n\t<meta name=\"twitter:data1\" content=\"4 minutes\" \/>\n<script type=\"application\/ld+json\" class=\"yoast-schema-graph\">{\"@context\":\"https:\\\/\\\/schema.org\",\"@graph\":[{\"@type\":\"WebPage\",\"@id\":\"https:\\\/\\\/www.kern-sammet.ch\\\/fr\\\/lentreprise\\\/\",\"url\":\"https:\\\/\\\/www.kern-sammet.ch\\\/fr\\\/lentreprise\\\/\",\"name\":\"L\u2019entreprise - Kern Sammet AG\",\"isPartOf\":{\"@id\":\"https:\\\/\\\/www.kern-sammet.ch\\\/fr\\\/#website\"},\"primaryImageOfPage\":{\"@id\":\"https:\\\/\\\/www.kern-sammet.ch\\\/fr\\\/lentreprise\\\/#primaryimage\"},\"image\":{\"@id\":\"https:\\\/\\\/www.kern-sammet.ch\\\/fr\\\/lentreprise\\\/#primaryimage\"},\"thumbnailUrl\":\"https:\\\/\\\/www.kern-sammet.ch\\\/wp-content\\\/uploads\\\/2024\\\/02\\\/unter-nehmen.jpg\",\"datePublished\":\"2024-01-23T14:51:58+00:00\",\"dateModified\":\"2025-01-14T10:46:03+00:00\",\"breadcrumb\":{\"@id\":\"https:\\\/\\\/www.kern-sammet.ch\\\/fr\\\/lentreprise\\\/#breadcrumb\"},\"inLanguage\":\"fr-FR\",\"potentialAction\":[{\"@type\":\"ReadAction\",\"target\":[\"https:\\\/\\\/www.kern-sammet.ch\\\/fr\\\/lentreprise\\\/\"]}]},{\"@type\":\"ImageObject\",\"inLanguage\":\"fr-FR\",\"@id\":\"https:\\\/\\\/www.kern-sammet.ch\\\/fr\\\/lentreprise\\\/#primaryimage\",\"url\":\"https:\\\/\\\/www.kern-sammet.ch\\\/wp-content\\\/uploads\\\/2024\\\/02\\\/unter-nehmen.jpg\",\"contentUrl\":\"https:\\\/\\\/www.kern-sammet.ch\\\/wp-content\\\/uploads\\\/2024\\\/02\\\/unter-nehmen.jpg\"},{\"@type\":\"BreadcrumbList\",\"@id\":\"https:\\\/\\\/www.kern-sammet.ch\\\/fr\\\/lentreprise\\\/#breadcrumb\",\"itemListElement\":[{\"@type\":\"ListItem\",\"position\":1,\"name\":\"Startseite\",\"item\":\"https:\\\/\\\/www.kern-sammet.ch\\\/fr\\\/\"},{\"@type\":\"ListItem\",\"position\":2,\"name\":\"L\u2019entreprise\"}]},{\"@type\":\"WebSite\",\"@id\":\"https:\\\/\\\/www.kern-sammet.ch\\\/fr\\\/#website\",\"url\":\"https:\\\/\\\/www.kern-sammet.ch\\\/fr\\\/\",\"name\":\"Kern & Sammet AG\",\"description\":\"\",\"publisher\":{\"@id\":\"https:\\\/\\\/www.kern-sammet.ch\\\/fr\\\/#organization\"},\"potentialAction\":[{\"@type\":\"SearchAction\",\"target\":{\"@type\":\"EntryPoint\",\"urlTemplate\":\"https:\\\/\\\/www.kern-sammet.ch\\\/fr\\\/?s={search_term_string}\"},\"query-input\":{\"@type\":\"PropertyValueSpecification\",\"valueRequired\":true,\"valueName\":\"search_term_string\"}}],\"inLanguage\":\"fr-FR\"},{\"@type\":\"Organization\",\"@id\":\"https:\\\/\\\/www.kern-sammet.ch\\\/fr\\\/#organization\",\"name\":\"Kern & Sammet AG\",\"url\":\"https:\\\/\\\/www.kern-sammet.ch\\\/fr\\\/\",\"logo\":{\"@type\":\"ImageObject\",\"inLanguage\":\"fr-FR\",\"@id\":\"https:\\\/\\\/www.kern-sammet.ch\\\/fr\\\/#\\\/schema\\\/logo\\\/image\\\/\",\"url\":\"https:\\\/\\\/www.kern-sammet.ch\\\/wp-content\\\/uploads\\\/2023\\\/11\\\/KS_Logo_Claim_Swiss_RGB_DE.png\",\"contentUrl\":\"https:\\\/\\\/www.kern-sammet.ch\\\/wp-content\\\/uploads\\\/2023\\\/11\\\/KS_Logo_Claim_Swiss_RGB_DE.png\",\"width\":2240,\"height\":585,\"caption\":\"Kern & Sammet AG\"},\"image\":{\"@id\":\"https:\\\/\\\/www.kern-sammet.ch\\\/fr\\\/#\\\/schema\\\/logo\\\/image\\\/\"},\"sameAs\":[\"https:\\\/\\\/www.facebook.com\\\/kernsammet\\\/\"]}]}<\/script>\n<!-- \/ Yoast SEO plugin. -->","yoast_head_json":{"title":"L\u2019entreprise - Kern Sammet AG","robots":{"index":"index","follow":"follow","max-snippet":"max-snippet:-1","max-image-preview":"max-image-preview:large","max-video-preview":"max-video-preview:-1"},"canonical":"https:\/\/www.kern-sammet.ch\/fr\/lentreprise\/","og_locale":"fr_FR","og_type":"article","og_title":"L\u2019entreprise - Kern Sammet AG","og_description":"L\u2019entreprise L\u2019entreprise Homefr Qui sommes-nous? Nous sommes une entreprise suisse pionni\u00e8re dans le domaine des produits de boulangerie surgel\u00e9s. Depuis nos d\u00e9buts, notre production est install\u00e9e sur la rive gauche du lac de Zurich et nous servons notre client\u00e8le \u00e0 travers presque tous les canaux de vente. C\u2019est \u00e0 la main, avec amour et beaucoup [&hellip;]","og_url":"https:\/\/www.kern-sammet.ch\/fr\/lentreprise\/","og_site_name":"Kern Sammet AG","article_publisher":"https:\/\/www.facebook.com\/kernsammet\/","article_modified_time":"2025-01-14T10:46:03+00:00","og_image":[{"width":900,"height":959,"url":"https:\/\/www.kern-sammet.ch\/wp-content\/uploads\/2024\/02\/unter-nehmen.jpg","type":"image\/jpeg"}],"twitter_card":"summary_large_image","twitter_misc":{"Dur\u00e9e de lecture estim\u00e9e":"4 minutes"},"schema":{"@context":"https:\/\/schema.org","@graph":[{"@type":"WebPage","@id":"https:\/\/www.kern-sammet.ch\/fr\/lentreprise\/","url":"https:\/\/www.kern-sammet.ch\/fr\/lentreprise\/","name":"L\u2019entreprise - Kern Sammet AG","isPartOf":{"@id":"https:\/\/www.kern-sammet.ch\/fr\/#website"},"primaryImageOfPage":{"@id":"https:\/\/www.kern-sammet.ch\/fr\/lentreprise\/#primaryimage"},"image":{"@id":"https:\/\/www.kern-sammet.ch\/fr\/lentreprise\/#primaryimage"},"thumbnailUrl":"https:\/\/www.kern-sammet.ch\/wp-content\/uploads\/2024\/02\/unter-nehmen.jpg","datePublished":"2024-01-23T14:51:58+00:00","dateModified":"2025-01-14T10:46:03+00:00","breadcrumb":{"@id":"https:\/\/www.kern-sammet.ch\/fr\/lentreprise\/#breadcrumb"},"inLanguage":"fr-FR","potentialAction":[{"@type":"ReadAction","target":["https:\/\/www.kern-sammet.ch\/fr\/lentreprise\/"]}]},{"@type":"ImageObject","inLanguage":"fr-FR","@id":"https:\/\/www.kern-sammet.ch\/fr\/lentreprise\/#primaryimage","url":"https:\/\/www.kern-sammet.ch\/wp-content\/uploads\/2024\/02\/unter-nehmen.jpg","contentUrl":"https:\/\/www.kern-sammet.ch\/wp-content\/uploads\/2024\/02\/unter-nehmen.jpg"},{"@type":"BreadcrumbList","@id":"https:\/\/www.kern-sammet.ch\/fr\/lentreprise\/#breadcrumb","itemListElement":[{"@type":"ListItem","position":1,"name":"Startseite","item":"https:\/\/www.kern-sammet.ch\/fr\/"},{"@type":"ListItem","position":2,"name":"L\u2019entreprise"}]},{"@type":"WebSite","@id":"https:\/\/www.kern-sammet.ch\/fr\/#website","url":"https:\/\/www.kern-sammet.ch\/fr\/","name":"Kern & Sammet AG","description":"","publisher":{"@id":"https:\/\/www.kern-sammet.ch\/fr\/#organization"},"potentialAction":[{"@type":"SearchAction","target":{"@type":"EntryPoint","urlTemplate":"https:\/\/www.kern-sammet.ch\/fr\/?s={search_term_string}"},"query-input":{"@type":"PropertyValueSpecification","valueRequired":true,"valueName":"search_term_string"}}],"inLanguage":"fr-FR"},{"@type":"Organization","@id":"https:\/\/www.kern-sammet.ch\/fr\/#organization","name":"Kern & Sammet AG","url":"https:\/\/www.kern-sammet.ch\/fr\/","logo":{"@type":"ImageObject","inLanguage":"fr-FR","@id":"https:\/\/www.kern-sammet.ch\/fr\/#\/schema\/logo\/image\/","url":"https:\/\/www.kern-sammet.ch\/wp-content\/uploads\/2023\/11\/KS_Logo_Claim_Swiss_RGB_DE.png","contentUrl":"https:\/\/www.kern-sammet.ch\/wp-content\/uploads\/2023\/11\/KS_Logo_Claim_Swiss_RGB_DE.png","width":2240,"height":585,"caption":"Kern & Sammet AG"},"image":{"@id":"https:\/\/www.kern-sammet.ch\/fr\/#\/schema\/logo\/image\/"},"sameAs":["https:\/\/www.facebook.com\/kernsammet\/"]}]}},"_links":{"self":[{"href":"https:\/\/www.kern-sammet.ch\/fr\/wp-json\/wp\/v2\/pages\/13708","targetHints":{"allow":["GET"]}}],"collection":[{"href":"https:\/\/www.kern-sammet.ch\/fr\/wp-json\/wp\/v2\/pages"}],"about":[{"href":"https:\/\/www.kern-sammet.ch\/fr\/wp-json\/wp\/v2\/types\/page"}],"author":[{"embeddable":true,"href":"https:\/\/www.kern-sammet.ch\/fr\/wp-json\/wp\/v2\/users\/1"}],"replies":[{"embeddable":true,"href":"https:\/\/www.kern-sammet.ch\/fr\/wp-json\/wp\/v2\/comments?post=13708"}],"version-history":[{"count":0,"href":"https:\/\/www.kern-sammet.ch\/fr\/wp-json\/wp\/v2\/pages\/13708\/revisions"}],"wp:attachment":[{"href":"https:\/\/www.kern-sammet.ch\/fr\/wp-json\/wp\/v2\/media?parent=13708"}],"curies":[{"name":"wp","href":"https:\/\/api.w.org\/{rel}","templated":true}]}}